{"id":16551,"date":"2017-10-23T16:16:39","date_gmt":"2017-10-23T16:16:39","guid":{"rendered":"http:\/\/www.padel-test.de\/padel-verbaende\/padel-verband-oesterreich\/"},"modified":"2017-10-23T16:16:39","modified_gmt":"2017-10-23T16:16:39","slug":"padel-verband-oesterreich","status":"publish","type":"padel_association","link":"https:\/\/www.padel-test.de\/fr\/associations-de-padel-2\/padel-verband-oesterreich\/","title":{"rendered":"F\u00e9d\u00e9ration autrichienne de padel"},"content":{"rendered":"<p>Le site <strong>F\u00e9d\u00e9ration autrichienne de padel (\u00d6PV) <\/strong>a \u00e9t\u00e9 fond\u00e9e en 1995 et est membre depuis 1996 de la <a href=\"\/fr\/federation-mondiale-de-padel\/\">FIP-F\u00e9d\u00e9ration internationale de padel<\/a>.<\/p>\n<p>Depuis 2009, l'association de padel est repr\u00e9sent\u00e9e par un terrain de padel dans le programme des sports d'\u00e9t\u00e9 de la ville de Graz et beaucoup d'efforts y sont faits pour la promotion des jeunes talents. En juillet 2014, les 3 terrains de padel de l'Union sportive de padel de Vienne ont \u00e9t\u00e9 inaugur\u00e9s et ont accueilli pour la premi\u00e8re fois les tournois de d\u00e9tection convoqu\u00e9s par la f\u00e9d\u00e9ration.<\/p>\n<p>L'\u00d6PV dirige le classement autrichien de padel pour les femmes et les hommes et s'engage \u00e0 tous les niveaux du d\u00e9veloppement du padel dans son propre pays.<\/p>\n<p>&nbsp;<\/p>\n<p><strong>Actuel <a href=\"\/fr\/terrains-de-padel-en-autriche\/\">Terrains de padel Autriche<\/a>:<\/strong><br \/>\n<a href=\"\/fr\/padel-biberbach\/\">Padel Biberbach<\/a><br \/>\n<a href=\"\/fr\/padel-tc-hard-bregenz-2\/\">Padel Bregenz - Hard<\/a><br \/>\n<a href=\"\/fr\/padel-graz\/\">Padel Graz<\/a><br \/>\n<a href=\"\/fr\/padel-wien-bisamberg\/\">Padel Vienne - Bisamberg<\/a><br \/>\n<a href=\"\/fr\/padel-sportunion-wien\/\">Padel Vienne - Prater<\/a><br \/>\n<a href=\"\/fr\/padel-stockerau\/\">Padel Vienne - Stockerau<\/a><br \/>\n<a href=\"\/fr\/padel-wien-wienerberg\/\">Padel Vienne - Wienerberg<\/a><\/p>","protected":false},"excerpt":{"rendered":"<p>Padel Verband \u00d6sterreich : L'\u00d6sterreichischer Padel Sportverband (\u00d6PV) a \u00e9t\u00e9 fond\u00e9e en 1995 et est membre de la FIP-Federaci\u00f3n International de Padel depuis 1996. Depuis 2009, la f\u00e9d\u00e9ration de padel est repr\u00e9sent\u00e9e par un terrain de padel dans le programme des sports d'\u00e9t\u00e9 de la ville de Graz, o\u00f9 l'on fait beaucoup pour encourager les jeunes...<\/p>","protected":false},"author":1,"template":"","class_list":["post-16551","padel_association","type-padel_association","status-publish","hentry"],"acf":{"company_name":"Padel Verband \u00d6sterreich","company_logo":16553,"company_icon":16555,"logo_link_type":"nofollow","gallery":[],"company_news":null,"location":{"address":"Kalvarieng\u00fcrtel 32, Graz, \u00d6sterreich","lat":47.0856578,"lng":15.419600100000025,"zoom":14,"street_number":"","street_name":"","street_short_name":"","city":"","state":"","state_short":"","post_code":"","country":"","country_short":"","place_id":""},"address":"Kalvarieng\u00fcrtel 32","postal_code":"8020","city":"Graz","country":"\u00d6sterreich","website":"http:\/\/www.padel.at","contact_person":"","phone":"+43 699 81458282","email":"","social_media_vorlage":"","social_media":null},"_links":{"self":[{"href":"https:\/\/www.padel-test.de\/fr\/wp-json\/wp\/v2\/padel_association\/16551","targetHints":{"allow":["GET"]}}],"collection":[{"href":"https:\/\/www.padel-test.de\/fr\/wp-json\/wp\/v2\/padel_association"}],"about":[{"href":"https:\/\/www.padel-test.de\/fr\/wp-json\/wp\/v2\/types\/padel_association"}],"author":[{"embeddable":true,"href":"https:\/\/www.padel-test.de\/fr\/wp-json\/wp\/v2\/users\/1"}],"version-history":[{"count":0,"href":"https:\/\/www.padel-test.de\/fr\/wp-json\/wp\/v2\/padel_association\/16551\/revisions"}],"wp:attachment":[{"href":"https:\/\/www.padel-test.de\/fr\/wp-json\/wp\/v2\/media?parent=16551"}],"curies":[{"name":"wp","href":"https:\/\/api.w.org\/{rel}","templated":true}]}}