{"id":16602,"date":"2017-10-23T16:16:50","date_gmt":"2017-10-23T16:16:50","guid":{"rendered":"http:\/\/www.padel-test.de\/padel-verbaende\/deutscher-padel-bund\/"},"modified":"2022-10-24T12:35:32","modified_gmt":"2022-10-24T12:35:32","slug":"federation-allemande-de-padel","status":"publish","type":"padel_association","link":"https:\/\/www.padel-test.de\/fr\/associations-de-padel-2\/federation-allemande-de-padel\/","title":{"rendered":"F\u00e9d\u00e9ration allemande de padel"},"content":{"rendered":"<p>L'association Deutscher Padel Bund e.V. (informations actuelles sous <a href=\"https:\/\/www.deutscherpadelbund.de\/\" target=\"_blank\" rel=\"nofollow noopener noreferrer\">www.deutscherpadelbund.de<\/a>) a \u00e9t\u00e9 fond\u00e9e en juillet 2011 et est la principale f\u00e9d\u00e9ration de padel en Allemagne. Depuis longtemps d\u00e9j\u00e0, la DPB est en n\u00e9gociations avec la F\u00e9d\u00e9ration internationale de padel (FIP) et coop\u00e8re avec quelques-uns des fournisseurs de padel les plus renomm\u00e9s en Allemagne et en Europe.<\/p>\n<h2>Carte des sites de padel<\/h2>\n<p>\n<!-- iframe plugin v.6.0 wordpress.org\/plugins\/iframe\/ -->\n<iframe loading=\"lazy\" src=\"https:\/\/www.google.com\/maps\/d\/embed?mid=18OVW4FiG4noVz4vFAYmYzmjpOW8\" width=\"1200\" height=\"500\" scrolling=\"yes\" class=\"iframe-class\" frameborder=\"0\"><\/iframe>\n<br \/>\nL'association de padel DPB organise entre autres une s\u00e9rie de tournois dans toute l'Allemagne, les <strong>German Padel Tour,<\/strong>\u00a0Camps d'entra\u00eenement pour les joueurs et joueuses de padel allemands s\u00e9lectionn\u00e9s, s\u00e9minaires th\u00e9oriques et pratiques pour les futurs entra\u00eeneurs de padel et, bien s\u00fbr, inaugurations de nouvelles installations de padel dans toute l'Allemagne :<\/p>\n<ul>\n<li><a href=\"\/fr\/padel-muenster\/\">Club de padel de M\u00fcnster<\/a><\/li>\n<li><a href=\"\/fr\/padel-nuernberg-marienberg\/\">Club de padel de Nuremberg au Marienberg<\/a><\/li>\n<li><a href=\"\/fr\/sites-de-padel-2\/padel-tv-espelkamp\/\">Padel Espelkamp<\/a><\/li>\n<li><a href=\"\/fr\/tvn-padel-essen\/\">Padel TVN Essen<\/a><\/li>\n<li><a href=\"\/fr\/padel-point-nrw-herne\/\">Padel Point Herne<\/a><\/li>\n<li><a href=\"\/fr\/padel-point-center-herzebrock\/\">Padel Point Herzebrock<\/a><\/li>\n<li><a href=\"\/fr\/sites-de-padel-2\/padel-francfort-idstein\/\">Padel Frankfurt Idstein<\/a><\/li>\n<li><a href=\"\/fr\/padel-francfort-niddapark\/\">Padel Francfort Niddapark<\/a><\/li>\n<li><a href=\"\/fr\/padel-tennis-werne\/\">Padel Base Werne<\/a><\/li>\n<li><a href=\"\/fr\/padel-durlach-aue\/\">Padel SpVgg. Durlach-Aue<\/a><\/li>\n<li><a href=\"\/fr\/padel-karlsruhe-ketv\/\">Padel KETV Karlsruhe<\/a><\/li>\n<li><a href=\"\/fr\/padel-karlsruhe-tc-groetzingen\/\">Padel Gr\u00f6tzingen<\/a><\/li>\n<li><a href=\"\/fr\/padel-graf-hardenberg-arena-karlsruhe-stupferich\/\">Padel Karlsruhe Stupferich<\/a><\/li>\n<li><a href=\"\/fr\/padel-tennis-ettlingen\/\">Padel Ettlingen<\/a><\/li>\n<li><a href=\"\/fr\/padel-koeln-walls\/\">Padel walls Cologne<\/a><\/li>\n<li><a href=\"\/fr\/sites-de-padel-2\/padel-wiesbaden-wallau\/\">Padel RheinMain<\/a><\/li>\n<li><a href=\"\/fr\/padel-heilbronn-schwaigern\/\">Padel au Tennis-Club Schwaigern<\/a><\/li>\n<li><a href=\"\/fr\/padel-worms-2\/\">Ar\u00e8ne du Pfrimmpark \u00e0 Worms<\/a><\/li>\n<li><a href=\"\/fr\/sites-de-padel-2\/padel-wuerzburg\/\">Padelarena W\u00fcrzburg<\/a><\/li>\n<\/ul>\n<p>&nbsp;<\/p>\n<p>De plus, la f\u00e9d\u00e9ration allemande de padel organise des camps d'entra\u00eenement avec l'entra\u00eeneur officiel de la DPB et met actuellement en place diff\u00e9rents d\u00e9partements de padel afin de d\u00e9velopper de mani\u00e8re proactive le padel en Allemagne.<\/p>\n<p><strong>Comit\u00e9 directeur actuel du DPB :<\/strong><\/p>\n<ul>\n<li>Pr\u00e9sident du DPB : J\u00f6rg Messerschmidt<\/li>\n<li>Vice-pr\u00e9sident du DPB : Hubert Bullach - Finances<\/li>\n<li>Vice-pr\u00e9sident du DPB : Thomas L\u00f6negren - Sport de comp\u00e9tition \/ Sport de masse \/ Formation des entra\u00eeneurs<\/li>\n<li>Vice-pr\u00e9sident du DPB : N.N.<\/li>\n<li>Vice-pr\u00e9sident du DPB : N.N.<\/li>\n<li>Vice-pr\u00e9sident du DPB : J\u00f6rg Vogel<\/li>\n<li>Vice-pr\u00e9sident du DPB : Harry Payrleitner<\/li>\n<\/ul>\n<p>&nbsp;<\/p>\n<p>Voir aussi <a href=\"\/fr\/federation-allemande-de-padel\/nachrichten\/proces-verbal-de-lassemblee-generale-annuelle-de-lassociation-allemande-de-padel\/\">Proc\u00e8s-verbal de l'assembl\u00e9e g\u00e9n\u00e9rale du DPB 2019<\/a><\/p>\n<p>==&gt;&gt; Tous <a href=\"\/fr\/tournois-de-padel-2\/\">Tournois de la F\u00e9d\u00e9ration allemande de padel<\/a>\u00a0et <a href=\"\/fr\/tournois-de-padel-2\/\">Tournois du German Padel Tour<\/a> en un coup d'\u0153il !<\/p>\n<p>&nbsp;<\/p>\n<p>Cliquez ici pour <a href=\"https:\/\/www.deutscherpadelbund.de\/\" target=\"_blank\" rel=\"nofollow noopener noreferrer\">Site web de la F\u00e9d\u00e9ration allemande de padel<\/a> et ici vers <a href=\"https:\/\/www.facebook.com\/deutscherpadelbund\/\" target=\"_blank\" rel=\"nofollow noopener noreferrer\">Page Facebook du DPB<\/a>.<\/p>\n<p>&nbsp;<\/p>\n<p><span style=\"text-decoration: underline;\">Registre des associations, administration fiscale et coordonn\u00e9es bancaires :<\/span><\/p>\n<ul>\n<li>Tribunal d'enregistrement : VR 4918 Tribunal d'instance de Duisburg<\/li>\n<li>Num\u00e9ro d'identification fiscale : 101-5764-1406 FA Dinslaken<\/li>\n<\/ul>\n<p>&nbsp;<\/p>\n<p>Extrait du registre des associations de Duisburg (\u00e9tat : 18.09.2017 - d\u00e8s qu'un nouvel extrait sera disponible avec l'\u00e9tat de l'assembl\u00e9e g\u00e9n\u00e9rale 2019, les donn\u00e9es seront actualis\u00e9es ici ; galerie) :<\/p>","protected":false},"excerpt":{"rendered":"<p>Deutscher Padel Bund : L'association Deutscher Padel Bund e.V. a \u00e9t\u00e9 fond\u00e9e en juillet 2011 et est la f\u00e9d\u00e9ration de padel pour l'Allemagne. Elle organise entre autres une s\u00e9rie de tournois de padel dans toute l'Allemagne, le German Padel Tour, des camps d'entra\u00eenement pour les joueurs de padel allemands s\u00e9lectionn\u00e9s et ...<\/p>","protected":false},"author":1,"template":"","class_list":["post-16602","padel_association","type-padel_association","status-publish","hentry"],"acf":{"company_name":"Deutscher Padel Bund","company_logo":16604,"company_icon":16606,"logo_link_type":"nofollow","gallery":[445],"company_news":[17571,17570,17558,17552,17546,17490,17489,17488],"location":{"address":"M\u00fclheimer Stra\u00dfe 214, Duisburg, Germany","lat":51.4326056,"lng":6.803907200000026,"zoom":14,"street_number":"","street_name":"","street_short_name":"","city":"","state":"","state_short":"","post_code":"","country":"","country_short":"","place_id":""},"address":"M\u00fchlheimer Str. 214","postal_code":"47057","city":"Duisburg","country":"DE","website":"https:\/\/www.deutscherpadelbund.de\/","contact_person":"","phone":"0049-203-2863140","email":"info@deutscherpadelbund.de","social_media_vorlage":"","social_media":[{"network":"facebook","url":"https:\/\/www.facebook.com\/deutscherpadelbund\/"},{"network":"instagram","url":"https:\/\/www.instagram.com\/deutscher_padel_bund_official\/"}]},"_links":{"self":[{"href":"https:\/\/www.padel-test.de\/fr\/wp-json\/wp\/v2\/padel_association\/16602","targetHints":{"allow":["GET"]}}],"collection":[{"href":"https:\/\/www.padel-test.de\/fr\/wp-json\/wp\/v2\/padel_association"}],"about":[{"href":"https:\/\/www.padel-test.de\/fr\/wp-json\/wp\/v2\/types\/padel_association"}],"author":[{"embeddable":true,"href":"https:\/\/www.padel-test.de\/fr\/wp-json\/wp\/v2\/users\/1"}],"version-history":[{"count":0,"href":"https:\/\/www.padel-test.de\/fr\/wp-json\/wp\/v2\/padel_association\/16602\/revisions"}],"acf:post":[{"embeddable":true,"href":"https:\/\/www.padel-test.de\/fr\/wp-json\/wp\/v2\/posts\/17488"},{"embeddable":true,"href":"https:\/\/www.padel-test.de\/fr\/wp-json\/wp\/v2\/posts\/17489"},{"embeddable":true,"href":"https:\/\/www.padel-test.de\/fr\/wp-json\/wp\/v2\/posts\/17490"},{"embeddable":true,"href":"https:\/\/www.padel-test.de\/fr\/wp-json\/wp\/v2\/posts\/17546"},{"embeddable":true,"href":"https:\/\/www.padel-test.de\/fr\/wp-json\/wp\/v2\/posts\/17552"},{"embeddable":true,"href":"https:\/\/www.padel-test.de\/fr\/wp-json\/wp\/v2\/posts\/17558"},{"embeddable":true,"href":"https:\/\/www.padel-test.de\/fr\/wp-json\/wp\/v2\/posts\/17570"},{"embeddable":true,"href":"https:\/\/www.padel-test.de\/fr\/wp-json\/wp\/v2\/posts\/17571"}],"acf:attachment":[{"embeddable":true,"href":"https:\/\/www.padel-test.de\/fr\/wp-json\/wp\/v2\/media\/445"}],"wp:attachment":[{"href":"https:\/\/www.padel-test.de\/fr\/wp-json\/wp\/v2\/media?parent=16602"}],"curies":[{"name":"wp","href":"https:\/\/api.w.org\/{rel}","templated":true}]}}