{"id":16602,"date":"2017-10-23T16:16:50","date_gmt":"2017-10-23T16:16:50","guid":{"rendered":"http:\/\/www.padel-test.de\/padel-verbaende\/deutscher-padel-bund\/"},"modified":"2022-10-24T12:35:32","modified_gmt":"2022-10-24T12:35:32","slug":"federacao-alema-de-padel","status":"publish","type":"padel_association","link":"https:\/\/www.padel-test.de\/pt\/padel-verbaende\/federacao-alema-de-padel\/","title":{"rendered":"Federa\u00e7\u00e3o Alem\u00e3 de Padel"},"content":{"rendered":"<p>The Deutscher Padel Bund e.V. (informa\u00e7\u00e3o actual em <a href=\"https:\/\/www.deutscherpadelbund.de\/\" target=\"_blank\" rel=\"nofollow noopener noreferrer\">www.deutscherpadelbund.de<\/a>) foi fundada em Julho de 2011 e \u00e9 a principal associa\u00e7\u00e3o de padel na Alemanha. O DPB tem estado em negocia\u00e7\u00f5es com a federa\u00e7\u00e3o internacional de padel FIP h\u00e1 muito tempo e coopera com alguns dos mais renomados fornecedores de equipamento de padel na Alemanha e Europa.<\/p>\n<h2>Mapa de localiza\u00e7\u00e3o de Padel<\/h2>\n<p>\n<!-- iframe plugin v.6.0 wordpress.org\/plugins\/iframe\/ -->\n<iframe loading=\"lazy\" src=\"https:\/\/www.google.com\/maps\/d\/embed?mid=18OVW4FiG4noVz4vFAYmYzmjpOW8\" width=\"1200\" height=\"500\" scrolling=\"yes\" class=\"iframe-class\" frameborder=\"0\"><\/iframe>\n<br \/>\nEntre outras coisas, a associa\u00e7\u00e3o DPB Padel organiza uma s\u00e9rie de torneios em toda a Alemanha, o <strong>Tour alem\u00e3o de Padel,<\/strong>\u00a0Campos de treino para seleccionadores de padel alem\u00e3es e semin\u00e1rios em teoria e pr\u00e1tica para aspirantes a treinadores de padel e, claro, inaugura\u00e7\u00f5es de novas instala\u00e7\u00f5es de padel em toda a Alemanha:<\/p>\n<ul>\n<li><a href=\"\/pt\/padel-muenster\/\">Padel Club M\u00fcnster<\/a><\/li>\n<li><a href=\"\/pt\/padel-nuernernberg-marienberg\/\">Clube Padel Nuremberga no Marienberg<\/a><\/li>\n<li><a href=\"\/pt\/localizacoes-do-padel-2\/padel-tv-espelkamp\/\">Espelkamp Padel<\/a><\/li>\n<li><a href=\"\/pt\/tvn-padel-essen\/\">Padel TVN Essen<\/a><\/li>\n<li><a href=\"\/pt\/padel-point-nrw-herne\/\">Padel Point Herne<\/a><\/li>\n<li><a href=\"\/pt\/padel-point-center-herzebrock\/\">Padel Point Herzebrock<\/a><\/li>\n<li><a href=\"\/pt\/localizacoes-do-padel-2\/padel-frankfurt-idstein\/\">Padel Frankfurt Idstein<\/a><\/li>\n<li><a href=\"\/pt\/padel-frankfurt-niddapark\/\">Padel Frankfurt Niddapark<\/a><\/li>\n<li><a href=\"\/pt\/padel-tennis-werne\/\">Padel Base Werne<\/a><\/li>\n<li><a href=\"\/pt\/padel-durlach-aue\/\">Padel SpVgg. Durlach-Aue<\/a><\/li>\n<li><a href=\"\/pt\/padel-karlsruhe-ketv\/\">Padel KETV Karlsruhe<\/a><\/li>\n<li><a href=\"\/pt\/padel-karlsruhe-tc-groetzingen\/\">Padel Gr\u00f6tzingen<\/a><\/li>\n<li><a href=\"\/pt\/padel-graf-hardenberg-arena-karlsruhe-stupferich\/\">Padel Karlsruhe Stupferich<\/a><\/li>\n<li><a href=\"\/pt\/padel-tennis-ettlingen\/\">Padel Ettlingen<\/a><\/li>\n<li><a href=\"\/pt\/padel-koeln-walls\/\">Paredes Padel Col\u00f3nia<\/a><\/li>\n<li><a href=\"\/pt\/localizacoes-do-padel-2\/padel-wiesbaden-wallau\/\">Padel RheinMain<\/a><\/li>\n<li><a href=\"\/pt\/padel-heilbronn-schwaigern\/\">Padel no Schwaigern Tennis Club<\/a><\/li>\n<li><a href=\"\/pt\/padel-worms\/\">Vermes da Arena Pfrimmpark<\/a><\/li>\n<li><a href=\"\/pt\/localizacoes-do-padel-2\/padel-wuerzburg\/\">Padelarena W\u00fcrzburg<\/a><\/li>\n<\/ul>\n<p>&nbsp;<\/p>\n<p>Al\u00e9m disso, a Federa\u00e7\u00e3o Alem\u00e3 de Padel organiza campos de treino com o treinador oficial da DPB e est\u00e1 actualmente a criar v\u00e1rios departamentos de padel para desenvolver proactivamente o desporto do padel na Alemanha.<\/p>\n<p><strong>Conselho de Administra\u00e7\u00e3o atual da DPB:<\/strong><\/p>\n<ul>\n<li>Presidente do DPB: J\u00f6rg Messerschmidt<\/li>\n<li>Vice-Presidente do DPB: Hubert Bullach - Finan\u00e7as<\/li>\n<li>Vice-Presidente da DPB: Thomas L\u00f6negren - Desportos Competitivos \/ Desportos Populares \/ Forma\u00e7\u00e3o de Treinadores<\/li>\n<li>Vice-Presidente do DPB: N.N.<\/li>\n<li>Vice-Presidente do DPB: N.N.<\/li>\n<li>Vice-Presidente do DPB: J\u00f6rg Vogel<\/li>\n<li>Vice-Presidente do DPB: Harry Payrleitner<\/li>\n<\/ul>\n<p>&nbsp;<\/p>\n<p>Veja tamb\u00e9m: <a href=\"\/pt\/federacao-alema-de-padel\/nachrichten\/acta-anual-reuniao-geral-alema-padel-federacao-e-v\/\">Ata da Assembl\u00e9ia Geral da DPB de 2019<\/a><\/p>\n<p>==&gt;&gt; Todos <a href=\"\/pt\/torneios-de-padel-2\/\">Torneios da Federa\u00e7\u00e3o Alem\u00e3 de Padel<\/a>\u00a0e <a href=\"\/pt\/torneios-de-padel-2\/\">Torneios Alem\u00e3es de Padel Tour<\/a> s\u00f3 com um olhar!<\/p>\n<p>&nbsp;<\/p>\n<p>Clique aqui para o <a href=\"https:\/\/www.deutscherpadelbund.de\/\" target=\"_blank\" rel=\"nofollow noopener noreferrer\">Website da Federa\u00e7\u00e3o Alem\u00e3 de Padel<\/a> e aqui para o <a href=\"https:\/\/www.facebook.com\/deutscherpadelbund\/\" target=\"_blank\" rel=\"nofollow noopener noreferrer\">P\u00e1gina no Facebook do DPB<\/a>.<\/p>\n<p>&nbsp;<\/p>\n<p><span style=\"text-decoration: underline;\">Registo de associa\u00e7\u00f5es, reparti\u00e7\u00e3o de finan\u00e7as e dados banc\u00e1rios:<\/span><\/p>\n<ul>\n<li>Tribunal de Registro: VR 4918 Duisburg Tribunal Local<\/li>\n<li>N\u00famero de contribuinte: 101-5764-1406 FA Dinslaken<\/li>\n<\/ul>\n<p>&nbsp;<\/p>\n<p>Extracto do Registo de Associa\u00e7\u00f5es de Duisburg (a partir de 18.09.2017 - assim que um novo extracto estiver dispon\u00edvel com o status da Assembleia Geral de 2019, os dados ser\u00e3o actualizados aqui; galeria):<\/p>","protected":false},"excerpt":{"rendered":"<p>Deutscher Padel Bund: O Deutscher Padel Bund e.V. foi fundado em Julho de 2011 e \u00e9 a associa\u00e7\u00e3o de padel para a Alemanha. A associa\u00e7\u00e3o DPB organiza, entre outras coisas, uma s\u00e9rie de torneios de t\u00e9nis de padel a n\u00edvel nacional, o German Padel Tour, campos de treino para jogadores de padel alem\u00e3es e ...<\/p>","protected":false},"author":1,"template":"","class_list":["post-16602","padel_association","type-padel_association","status-publish","hentry"],"acf":{"company_name":"Deutscher Padel Bund","company_logo":16604,"company_icon":16606,"logo_link_type":"nofollow","gallery":[445],"company_news":[17571,17570,17558,17552,17546,17490,17489,17488],"location":{"address":"M\u00fclheimer Stra\u00dfe 214, Duisburg, Germany","lat":51.4326056,"lng":6.803907200000026,"zoom":14,"street_number":"","street_name":"","street_short_name":"","city":"","state":"","state_short":"","post_code":"","country":"","country_short":"","place_id":""},"address":"M\u00fchlheimer Str. 214","postal_code":"47057","city":"Duisburg","country":"DE","website":"https:\/\/www.deutscherpadelbund.de\/","contact_person":"","phone":"0049-203-2863140","email":"info@deutscherpadelbund.de","social_media_vorlage":"","social_media":[{"network":"facebook","url":"https:\/\/www.facebook.com\/deutscherpadelbund\/"},{"network":"instagram","url":"https:\/\/www.instagram.com\/deutscher_padel_bund_official\/"}]},"_links":{"self":[{"href":"https:\/\/www.padel-test.de\/pt\/wp-json\/wp\/v2\/padel_association\/16602","targetHints":{"allow":["GET"]}}],"collection":[{"href":"https:\/\/www.padel-test.de\/pt\/wp-json\/wp\/v2\/padel_association"}],"about":[{"href":"https:\/\/www.padel-test.de\/pt\/wp-json\/wp\/v2\/types\/padel_association"}],"author":[{"embeddable":true,"href":"https:\/\/www.padel-test.de\/pt\/wp-json\/wp\/v2\/users\/1"}],"version-history":[{"count":0,"href":"https:\/\/www.padel-test.de\/pt\/wp-json\/wp\/v2\/padel_association\/16602\/revisions"}],"acf:post":[{"embeddable":true,"href":"https:\/\/www.padel-test.de\/pt\/wp-json\/wp\/v2\/posts\/17488"},{"embeddable":true,"href":"https:\/\/www.padel-test.de\/pt\/wp-json\/wp\/v2\/posts\/17489"},{"embeddable":true,"href":"https:\/\/www.padel-test.de\/pt\/wp-json\/wp\/v2\/posts\/17490"},{"embeddable":true,"href":"https:\/\/www.padel-test.de\/pt\/wp-json\/wp\/v2\/posts\/17546"},{"embeddable":true,"href":"https:\/\/www.padel-test.de\/pt\/wp-json\/wp\/v2\/posts\/17552"},{"embeddable":true,"href":"https:\/\/www.padel-test.de\/pt\/wp-json\/wp\/v2\/posts\/17558"},{"embeddable":true,"href":"https:\/\/www.padel-test.de\/pt\/wp-json\/wp\/v2\/posts\/17570"},{"embeddable":true,"href":"https:\/\/www.padel-test.de\/pt\/wp-json\/wp\/v2\/posts\/17571"}],"acf:attachment":[{"embeddable":true,"href":"https:\/\/www.padel-test.de\/pt\/wp-json\/wp\/v2\/media\/445"}],"wp:attachment":[{"href":"https:\/\/www.padel-test.de\/pt\/wp-json\/wp\/v2\/media?parent=16602"}],"curies":[{"name":"wp","href":"https:\/\/api.w.org\/{rel}","templated":true}]}}