{"id":17133,"date":"2018-08-28T18:05:00","date_gmt":"2018-08-28T18:05:00","guid":{"rendered":"http:\/\/www.padel-test.de\/padel-nachrichten\/padel-trainer\/thomas-loenegren\/"},"modified":"2022-09-20T20:28:11","modified_gmt":"2022-09-20T20:28:11","slug":"thomas-loenegren","status":"publish","type":"padel_trainer","link":"https:\/\/www.padel-test.de\/pt\/treinador-de-padel-2\/thomas-loenegren\/","title":{"rendered":"Thomas L\u00f6negren"},"content":{"rendered":"<div id=\"attachment_5119\" style=\"width: 176px\" class=\"wp-caption alignright\"><img loading=\"lazy\" decoding=\"async\" aria-describedby=\"caption-attachment-5119\" class=\"wp-image-5119 size-full\" src=\"https:\/\/www.padel-test.de\/wp-content\/uploads\/2022\/09\/Foto.png\" alt=\"Thomas L\u00f6negren\" width=\"166\" height=\"167\" \/><p id=\"caption-attachment-5119\" class=\"wp-caption-text\">Thomas L\u00f6negren<\/p><\/div>\n<p>Thomas L\u00f6negren dirige as suas pr\u00f3prias instala\u00e7\u00f5es de padel (TVN PADEL Essen) desde 2015 e \u00e9 um treinador de padel licenciado que atualmente tamb\u00e9m treina a sele\u00e7\u00e3o alem\u00e3 de padel.<\/p>\n<p>Thomas foi um dos primeiros na Alemanha a se comprometer totalmente com o esporte de Padel e foi, entre outras coisas, o organizador da Vila de Padel no ISPO 2014 e 2015 (PADEL PLUS junto com o World Padel Tour. Nestes eventos de padel no \u00e2mbito da maior feira desportiva da Alemanha, participaram no evento jogadores de padel de renome mundial, como Paquito Navaro, Matthias Diaz, Sebastian Nerone, Juan Gisbert, Hernan Auguste e Gaby Reca.<\/p>\n<p>Al\u00e9m disso, Thomas L\u00f6negren \u00e9 membro do conselho e fundador da DPB (Federa\u00e7\u00e3o Alem\u00e3 de Padel) e da EPF (Federa\u00e7\u00e3o Europeia de Padel).<\/p>\n<p>Antes disso, ele deixou sua marca no t\u00eanis profissional como treinador e se tornou campe\u00e3o da Bundesliga 2001 com o TC BW Dinslaken - o que o predestinou a dar tamb\u00e9m aos jogadores de padel a vantagem decisiva para o sucesso.<\/p>","protected":false},"excerpt":{"rendered":"<p>Thomas L\u00f6negren dirige as suas pr\u00f3prias instala\u00e7\u00f5es de padel (TVN PADEL Essen) desde 2015 e \u00e9 um treinador de padel licenciado que atualmente tamb\u00e9m treina a sele\u00e7\u00e3o alem\u00e3 de padel. Thomas foi um dos primeiros na Alemanha a comprometer-se totalmente com o desporto de padel e foi, entre outras coisas, o organizador do Padel Village no ISPO 2014 e 2015...<\/p>","protected":false},"author":1,"template":"","class_list":["post-17133","padel_trainer","type-padel_trainer","status-publish","has-post-thumbnail","hentry"],"acf":{"company_name":"Padel-Trainer Thomas L\u00f6negren","company_logo":17136,"company_icon":17138,"logo_link_type":"nofollow","gallery":[],"company_news":null,"location":{"address":"Damaschkeweg 18, Dinslaken, Germany","lat":51.5678996,"lng":6.717877499999986,"zoom":14,"street_number":"","street_name":"","street_short_name":"","city":"","state":"","state_short":"","post_code":"","country":"","country_short":"","place_id":""},"address":"Damaschkeweg 1","postal_code":"46535","city":"Dinslaken","country":"Deutschland","website":"","contact_person":"Thomas L\u00f6negren","phone":"+49-176-20123601","email":"tl@padelplus.de","social_media_vorlage":"","social_media":null},"_links":{"self":[{"href":"https:\/\/www.padel-test.de\/pt\/wp-json\/wp\/v2\/padel_trainer\/17133","targetHints":{"allow":["GET"]}}],"collection":[{"href":"https:\/\/www.padel-test.de\/pt\/wp-json\/wp\/v2\/padel_trainer"}],"about":[{"href":"https:\/\/www.padel-test.de\/pt\/wp-json\/wp\/v2\/types\/padel_trainer"}],"author":[{"embeddable":true,"href":"https:\/\/www.padel-test.de\/pt\/wp-json\/wp\/v2\/users\/1"}],"version-history":[{"count":0,"href":"https:\/\/www.padel-test.de\/pt\/wp-json\/wp\/v2\/padel_trainer\/17133\/revisions"}],"wp:featuredmedia":[{"embeddable":true,"href":"https:\/\/www.padel-test.de\/pt\/wp-json\/wp\/v2\/media\/17140"}],"wp:attachment":[{"href":"https:\/\/www.padel-test.de\/pt\/wp-json\/wp\/v2\/media?parent=17133"}],"curies":[{"name":"wp","href":"https:\/\/api.w.org\/{rel}","templated":true}]}}