{"id":16602,"date":"2017-10-23T16:16:50","date_gmt":"2017-10-23T16:16:50","guid":{"rendered":"http:\/\/www.padel-test.de\/padel-verbaende\/deutscher-padel-bund\/"},"modified":"2022-10-24T12:35:32","modified_gmt":"2022-10-24T12:35:32","slug":"tyska-padelfoerbundet","status":"publish","type":"padel_association","link":"https:\/\/www.padel-test.de\/sv\/padelfoereningar-2\/tyska-padelfoerbundet\/","title":{"rendered":"Tyska Padelf\u00f6rbundet"},"content":{"rendered":"<p>Deutscher Padel Bund e.V. (aktuell information p\u00e5 <a href=\"https:\/\/www.deutscherpadelbund.de\/\" target=\"_blank\" rel=\"nofollow noopener noreferrer\">www.deutscherpadelbund.de<\/a>) grundades i juli 2011 och \u00e4r det ledande padelf\u00f6rbundet i Tyskland. DPB har under en l\u00e4ngre tid f\u00f6rhandlat med det internationella padelf\u00f6rbundet FIP och samarbetar med n\u00e5gra av de mest v\u00e4lrenommerade leverant\u00f6rerna av padelutrustning i Tyskland och Europa.<\/p>\n<h2>Karta \u00f6ver Padel-anl\u00e4ggningar<\/h2>\n<p>\n<!-- iframe plugin v.6.0 wordpress.org\/plugins\/iframe\/ -->\n<iframe loading=\"lazy\" src=\"https:\/\/www.google.com\/maps\/d\/embed?mid=18OVW4FiG4noVz4vFAYmYzmjpOW8\" width=\"1200\" height=\"500\" scrolling=\"yes\" class=\"iframe-class\" frameborder=\"0\"><\/iframe>\n<br \/>\nDPB:s padelf\u00f6rbund organiserar bland annat en turneringsserie som omfattar hela Tyskland, <strong>Tysk Padel Tour,<\/strong>\u00a0Tr\u00e4ningsl\u00e4ger f\u00f6r tyska padel-spelare samt seminarier i teori och praktik f\u00f6r blivande padel-tr\u00e4nare och, naturligtvis, invigningar av nya padel-anl\u00e4ggningar i hela Tyskland:<\/p>\n<ul>\n<li><a href=\"\/sv\/paddel-muenster\/\">Padel Club M\u00fcnster<\/a><\/li>\n<li><a href=\"\/sv\/padel-nuernberg-marienberg\/\">Padel N\u00fcrnberg Klubb p\u00e5 Marienberg<\/a><\/li>\n<li><a href=\"\/sv\/padelplatser-2\/padel-tv-espelkamp\/\">Padel Espelkamp<\/a><\/li>\n<li><a href=\"\/sv\/tvn-padel-eat\/\">Padel TVN Essen<\/a><\/li>\n<li><a href=\"\/sv\/padel-point-nrw-herne\/\">Padel Point Herne<\/a><\/li>\n<li><a href=\"\/sv\/padel-point-centre-herzebrock\/\">Padel Point Herzebrock<\/a><\/li>\n<li><a href=\"\/sv\/padelplatser-2\/padel-frankfurt-idstein\/\">Padel Frankfurt Idstein<\/a><\/li>\n<li><a href=\"\/sv\/padel-frankfurt-niddapark\/\">Padel Frankfurt Niddapark<\/a><\/li>\n<li><a href=\"\/sv\/padel-tennis-werne\/\">Padel Base Werne<\/a><\/li>\n<li><a href=\"\/sv\/padel-durlach-aue\/\">Padel SpVgg Durlach-Aue<\/a><\/li>\n<li><a href=\"\/sv\/padel-karlsruhe-ketv\/\">Padel KETV Karlsruhe<\/a><\/li>\n<li><a href=\"\/sv\/padel-karlsruhe-tc-groetzingen\/\">Padel Gr\u00f6tzingen<\/a><\/li>\n<li><a href=\"\/sv\/padel-graf-hardenberg-arena-karlsruhe-stupferich\/\">Padel Karlsruhe Stupferich<\/a><\/li>\n<li><a href=\"\/sv\/padel-tennis-ettlingen\/\">Padel Ettlingen<\/a><\/li>\n<li><a href=\"\/sv\/padel-koeln-vaeggar\/\">Padel v\u00e4ggar K\u00f6ln<\/a><\/li>\n<li><a href=\"\/sv\/padelplatser-2\/padel-wiesbaden-wallau\/\">Padel RheinMain<\/a><\/li>\n<li><a href=\"\/sv\/padel-heilbronn-schwaigern\/\">Padel p\u00e5 Schwaigerns tennisklubb<\/a><\/li>\n<li><a href=\"\/sv\/padel-maskar\/\">Pfrimmpark-Arena Worms<\/a><\/li>\n<li><a href=\"\/sv\/padelplatser-2\/padel-wuerzburg\/\">Padelarena W\u00fcrzburg<\/a><\/li>\n<\/ul>\n<p>&nbsp;<\/p>\n<p>Dessutom anordnar det tyska padelf\u00f6rbundet tr\u00e4ningsl\u00e4ger med DPB:s officiella tr\u00e4nare och h\u00e5ller f\u00f6r n\u00e4rvarande p\u00e5 att inr\u00e4tta olika padeltennisavdelningar f\u00f6r att proaktivt utveckla padelsporten i Tyskland.<\/p>\n<p><strong>DPB:s nuvarande styrelse:<\/strong><\/p>\n<ul>\n<li>DPB:s ordf\u00f6rande: J\u00f6rg Messerschmidt<\/li>\n<li>DPB:s vice ordf\u00f6rande: Hubert Bullach - Ekonomi<\/li>\n<li>DPB Vice President: Thomas L\u00f6negren - T\u00e4vlingsidrott \/ popul\u00e4r idrott \/ tr\u00e4narutbildning<\/li>\n<li>DPB:s vice ordf\u00f6rande: N.N.<\/li>\n<li>DPB:s vice ordf\u00f6rande: N.N.<\/li>\n<li>DPB:s vice ordf\u00f6rande: J\u00f6rg Vogel<\/li>\n<li>DPB Vice ordf\u00f6rande: Harry Payrleitner<\/li>\n<\/ul>\n<p>&nbsp;<\/p>\n<p>Se \u00e4ven nedan: <a href=\"\/sv\/tyska-padelfoerbundet\/nachrichten\/protokoll-fran-det-tyska-padelfoerbundets-arsstaemma-e-v\/\">Protokoll fr\u00e5n DPB:s bolagsst\u00e4mma 2019<\/a><\/p>\n<p>==&gt;&gt; Alla <a href=\"\/sv\/padel-turneringar-2\/\">Tyska Padelf\u00f6rbundets turneringar<\/a>\u00a0och <a href=\"\/sv\/padel-turneringar-2\/\">Tyska Padel Tour-turneringar<\/a> p\u00e5 ett \u00f6gonblick!<\/p>\n<p>&nbsp;<\/p>\n<p>Klicka h\u00e4r f\u00f6r att g\u00e5 till <a href=\"https:\/\/www.deutscherpadelbund.de\/\" target=\"_blank\" rel=\"nofollow noopener noreferrer\">Webbplats f\u00f6r det tyska padelf\u00f6rbundet<\/a> och h\u00e4r till <a href=\"https:\/\/www.facebook.com\/deutscherpadelbund\/\" target=\"_blank\" rel=\"nofollow noopener noreferrer\">DPB:s Facebook-sida<\/a>.<\/p>\n<p>&nbsp;<\/p>\n<p><span style=\"text-decoration: underline;\">F\u00f6reningsregister, skattekontor och bankuppgifter:<\/span><\/p>\n<ul>\n<li>Registrerad domstol: VR 4918 Duisburg Local Court<\/li>\n<li>Taxeringsnummer: 101-5764-1406 FA Dinslaken<\/li>\n<\/ul>\n<p>&nbsp;<\/p>\n<p>Utdrag ur Duisburgs f\u00f6reningsregister (status: 2017-09-18 - s\u00e5 snart ett nytt utdrag med status f\u00f6r bolagsst\u00e4mman 2019 finns tillg\u00e4ngligt kommer uppgifterna att uppdateras h\u00e4r; galleri):<\/p>","protected":false},"excerpt":{"rendered":"<p>Deutscher Padel Bund: Deutscher Padel Bund e.V. grundades i juli 2011 och \u00e4r Tysklands padelf\u00f6rbund. DPB:s padelf\u00f6rbund organiserar bland annat en tysklandsomfattande turneringsserie f\u00f6r padeltennis, German Padel Tour, tr\u00e4ningsl\u00e4ger f\u00f6r tyska padelspelare och ...<\/p>","protected":false},"author":1,"template":"","class_list":["post-16602","padel_association","type-padel_association","status-publish","hentry"],"acf":{"company_name":"Deutscher Padel Bund","company_logo":16604,"company_icon":16606,"logo_link_type":"nofollow","gallery":[445],"company_news":[17571,17570,17558,17552,17546,17490,17489,17488],"location":{"address":"M\u00fclheimer Stra\u00dfe 214, Duisburg, Germany","lat":51.4326056,"lng":6.803907200000026,"zoom":14,"street_number":"","street_name":"","street_short_name":"","city":"","state":"","state_short":"","post_code":"","country":"","country_short":"","place_id":""},"address":"M\u00fchlheimer Str. 214","postal_code":"47057","city":"Duisburg","country":"DE","website":"https:\/\/www.deutscherpadelbund.de\/","contact_person":"","phone":"0049-203-2863140","email":"info@deutscherpadelbund.de","social_media_vorlage":"","social_media":[{"network":"facebook","url":"https:\/\/www.facebook.com\/deutscherpadelbund\/"},{"network":"instagram","url":"https:\/\/www.instagram.com\/deutscher_padel_bund_official\/"}]},"_links":{"self":[{"href":"https:\/\/www.padel-test.de\/sv\/wp-json\/wp\/v2\/padel_association\/16602","targetHints":{"allow":["GET"]}}],"collection":[{"href":"https:\/\/www.padel-test.de\/sv\/wp-json\/wp\/v2\/padel_association"}],"about":[{"href":"https:\/\/www.padel-test.de\/sv\/wp-json\/wp\/v2\/types\/padel_association"}],"author":[{"embeddable":true,"href":"https:\/\/www.padel-test.de\/sv\/wp-json\/wp\/v2\/users\/1"}],"version-history":[{"count":0,"href":"https:\/\/www.padel-test.de\/sv\/wp-json\/wp\/v2\/padel_association\/16602\/revisions"}],"acf:post":[{"embeddable":true,"href":"https:\/\/www.padel-test.de\/sv\/wp-json\/wp\/v2\/posts\/17488"},{"embeddable":true,"href":"https:\/\/www.padel-test.de\/sv\/wp-json\/wp\/v2\/posts\/17489"},{"embeddable":true,"href":"https:\/\/www.padel-test.de\/sv\/wp-json\/wp\/v2\/posts\/17490"},{"embeddable":true,"href":"https:\/\/www.padel-test.de\/sv\/wp-json\/wp\/v2\/posts\/17546"},{"embeddable":true,"href":"https:\/\/www.padel-test.de\/sv\/wp-json\/wp\/v2\/posts\/17552"},{"embeddable":true,"href":"https:\/\/www.padel-test.de\/sv\/wp-json\/wp\/v2\/posts\/17558"},{"embeddable":true,"href":"https:\/\/www.padel-test.de\/sv\/wp-json\/wp\/v2\/posts\/17570"},{"embeddable":true,"href":"https:\/\/www.padel-test.de\/sv\/wp-json\/wp\/v2\/posts\/17571"}],"acf:attachment":[{"embeddable":true,"href":"https:\/\/www.padel-test.de\/sv\/wp-json\/wp\/v2\/media\/445"}],"wp:attachment":[{"href":"https:\/\/www.padel-test.de\/sv\/wp-json\/wp\/v2\/media?parent=16602"}],"curies":[{"name":"wp","href":"https:\/\/api.w.org\/{rel}","templated":true}]}}