{"id":18174,"date":"2017-10-26T10:01:22","date_gmt":"2017-10-26T10:01:22","guid":{"rendered":"http:\/\/www.padel-test.de\/padel-plaetze\/padel-bremen\/"},"modified":"2022-11-01T18:35:20","modified_gmt":"2022-11-01T18:35:20","slug":"padel-bremen","status":"publish","type":"page","link":"https:\/\/www.padel-test.de\/sv\/padelbanor\/padel-bremen\/","title":{"rendered":"Padel Bremen"},"content":{"rendered":"<p>Okej, padel har inte riktigt tagit sig in till Bremens stadsk\u00e4rna \u00e4nnu, men det finns en liten, magisk anl\u00e4ggning i Bremen-Weyhe som erbjuder mycket familjek\u00e4nsla och d\u00e4r den andra banan f\u00f6r n\u00e4rvarande byggs. Alex Schwarz och Malte Daum visar p\u00e5 ett fantastiskt s\u00e4tt hur padel fungerar i en klubb!<\/p>\n<p>Dessutom finns det en stor fotbollsklubb i grannhuset och det skulle knappast f\u00f6rv\u00e5na n\u00e5gon om en eller tv\u00e5 fotbollsspelare skulle synas regelbundet p\u00e5 Bremens fotbollsplan inom en snar framtid. <a href=\"\/sv\/padel-bremen-weyhe\/\">Padelbanor p\u00e5 TC Weyhes omr\u00e5de<\/a> kommer att hitta!<\/p>\n<p>Und ganz in der N\u00e4he, genauer in Hagen im Bremischen, startet gerade ein Projekt in der N\u00e4he der Piratenburg, wo Badespa\u00df und Padelcourts entstehen sollen. &#8211;&gt; <\/p>\n<p>Nicht zu verwechseln mit Hagen in NRW &#8211; dort soll in K\u00fcrze \u00fcbrigens ein richtig gro\u00dfer Padelstandort entstehen. <\/p>\n<p>Se \u00e4ven <a href=\"\/sv\/padelbanor\/padel-ruhr-area\/\">Padel Ruhromr\u00e5det<\/a>.<\/p>\n\t<h3>Padel Pl\u00e4tze &#8211; Karte<\/h3>\n\n<!-- iframe plugin v.6.0 wordpress.org\/plugins\/iframe\/ -->\n<iframe loading=\"lazy\" src=\"https:\/\/www.google.com\/maps\/d\/embed?mid=18OVW4FiG4noVz4vFAYmYzmjpOW8\" width=\"900\" 0=\"height=&quot;300&quot;&amp;gt;&amp;lt;\/iframe\" height=\"500\" scrolling=\"yes\" class=\"iframe-class\" frameborder=\"0\"><\/iframe>\n\n<h4>\n\t\tPadel Nyheter Bremen\n\t<\/h4>\n\t\t\t\t<a href=\"https:\/\/www.facebook.com\/sharer.php?u=https:\/\/www.padel-test.de\/?page_id=18174&#038;fl_builder&#038;title=Padel+Bremen\">\n\t\t\t\t\t\t\t\t\t\t\t\tDela p\u00e5 Facebook\n\t\t\t\t\t\t\t\t\t<\/a>\n\t\t\t\t<a href=\"https:\/\/twitter.com\/intent\/tweet?url=https:\/\/www.padel-test.de\/?page_id=18174&#038;fl_builder&#038;text=Padel+Bremen\">\n\t\t\t\t\t\t\t\t\t\t\t\tDela p\u00e5 Twitter\n\t\t\t\t\t\t\t\t\t<\/a>\n\t\t\t\t<a href=\"https:\/\/www.linkedin.com\/shareArticle?mini=true&#038;url=https:\/\/www.padel-test.de\/?page_id=18174&#038;fl_builder&#038;title=Padel+Bremen\">\n\t\t\t\t\t\t\t\t\t\t\t\tDela p\u00e5 Linkedin\n\t\t\t\t\t\t\t\t\t<\/a>\n\t\t\t\t<a href=\"mailto:?body=https:\/\/www.padel-test.de\/?page_id=18174&#038;fl_builder\">\n\t\t\t\t\t\t\t\t\t\t\t\tDela p\u00e5 e-post\n\t\t\t\t\t\t\t\t\t<\/a>","protected":false},"excerpt":{"rendered":"<p>Okay, Padel hat es noch nicht ganz in die City von Bremen geschafft, daf\u00fcr gibt es aber eine kleine zauberhafte Anlage in Bremen-Weyhe, die viel famili\u00e4res Flair bietet und wo man gerade den zweiten Platz baut. Alex Schwarz und Malte Daum zeigen hier wunderbar, wie Padel in einem Verein funktioniert! Und nebenan gibt es einen&hellip;<\/p>","protected":false},"author":1,"featured_media":16670,"parent":18160,"menu_order":9,"comment_status":"open","ping_status":"open","template":"","meta":{"_acf_changed":false,"_sitemap_exclude":false,"_sitemap_priority":"","_sitemap_frequency":"","_analytify_skip_tracking":false,"footnotes":""},"class_list":["post-18174","page","type-page","status-publish","has-post-thumbnail","hentry"],"acf":[],"_links":{"self":[{"href":"https:\/\/www.padel-test.de\/sv\/wp-json\/wp\/v2\/pages\/18174","targetHints":{"allow":["GET"]}}],"collection":[{"href":"https:\/\/www.padel-test.de\/sv\/wp-json\/wp\/v2\/pages"}],"about":[{"href":"https:\/\/www.padel-test.de\/sv\/wp-json\/wp\/v2\/types\/page"}],"author":[{"embeddable":true,"href":"https:\/\/www.padel-test.de\/sv\/wp-json\/wp\/v2\/users\/1"}],"replies":[{"embeddable":true,"href":"https:\/\/www.padel-test.de\/sv\/wp-json\/wp\/v2\/comments?post=18174"}],"version-history":[{"count":0,"href":"https:\/\/www.padel-test.de\/sv\/wp-json\/wp\/v2\/pages\/18174\/revisions"}],"up":[{"embeddable":true,"href":"https:\/\/www.padel-test.de\/sv\/wp-json\/wp\/v2\/pages\/18160"}],"wp:featuredmedia":[{"embeddable":true,"href":"https:\/\/www.padel-test.de\/sv\/wp-json\/wp\/v2\/media\/16670"}],"wp:attachment":[{"href":"https:\/\/www.padel-test.de\/sv\/wp-json\/wp\/v2\/media?parent=18174"}],"curies":[{"name":"wp","href":"https:\/\/api.w.org\/{rel}","templated":true}]}}