{"id":16526,"date":"2017-10-23T16:16:37","date_gmt":"2017-10-23T16:16:37","guid":{"rendered":"http:\/\/www.padel-test.de\/padel-verbaende\/padel-weltverband\/"},"modified":"2017-10-23T16:16:37","modified_gmt":"2017-10-23T16:16:37","slug":"padel-duenya-federasyonu","status":"publish","type":"padel_association","link":"https:\/\/www.padel-test.de\/tr\/padel-verbaende\/padel-duenya-federasyonu\/","title":{"rendered":"Padel D\u00fcnya Federasyonu FIP"},"content":{"rendered":"<p>Bu <strong>Uluslararas\u0131 Padel Federasyonu FIP<\/strong> Temmuz 1991'de Arjantin, \u0130spanya ve Uruguay Padel Dernekleri aras\u0131nda bir anla\u015fma olarak kurulmu\u015ftur.<\/p>\n<p>Genellikle sadece FIP Padel olarak adland\u0131r\u0131lan D\u00fcnya Padel Federasyonu, amac\u0131 d\u00fcnya \u00e7ap\u0131nda her t\u00fcrl\u00fc padel'i te\u015fvik etmek ve \u00fcye \u00fclkelerin uluslararas\u0131 spor d\u00fcnyas\u0131na eri\u015fimini kolayla\u015ft\u0131rman\u0131n yan\u0131 s\u0131ra her ya\u015ftan oyuncular, antren\u00f6rler, hakemler ve turnuvalar i\u00e7in standartlar belirlemek olan, belirsiz bir s\u00fcre i\u00e7in kar amac\u0131 g\u00fctmeyen bir kurulu\u015ftur. FIP'in uzun vadeli hedefi IOC taraf\u0131ndan tan\u0131nmak ve buna ba\u011fl\u0131 olarak <a href=\"\/tr\/padel-haberleri%cc%87\/padel-oli%cc%87mpi%cc%87yatlari\/\">Olimpiyat Oyunlar\u0131nda Padel<\/a>.<\/p>\n<p>FIP ayr\u0131ca erkekler, kad\u0131nlar ve gen\u00e7ler i\u00e7in D\u00fcnya Padel \u015eampiyonalar\u0131n\u0131 d\u00fczenlemekte ve oyuncular aras\u0131nda \u00e7ok ra\u011fbet g\u00f6ren d\u00fcnya s\u0131ralama listesini tutmaktad\u0131r.<\/p>","protected":false},"excerpt":{"rendered":"<p>FIP Padel: Merkezi Madrid'de bulunan Uluslararas\u0131 Padel Federasyonu FIP, Temmuz 1991'de Arjantin, \u0130spanya ve Uruguay Padel Federasyonlar\u0131 aras\u0131nda bir anla\u015fma olarak kuruldu.<\/p>","protected":false},"author":1,"template":"","class_list":["post-16526","padel_association","type-padel_association","status-publish","has-post-thumbnail","hentry"],"acf":{"company_name":"Padel Weltverband FIP","company_logo":16528,"company_icon":16530,"logo_link_type":"nofollow","gallery":[],"company_news":[17618,17595,17598,17465],"location":{"address":"Calle de Ayala, n.158, Madrid, Spanien","lat":40.427524,"lng":-3.679880799999978,"zoom":14,"street_number":"","street_name":"","street_short_name":"","city":"","state":"","state_short":"","post_code":"","country":"","country_short":"","place_id":""},"address":"Calle Ayala n.158. bajo, D","postal_code":"28009","city":"Madrid","country":"Spanien","website":"http:\/\/www.padelfip.com\/","contact_person":"","phone":"","email":"secretaria@padelfip.com","social_media_vorlage":"","social_media":[{"network":"facebook","url":"https:\/\/www.facebook.com\/padelfip"},{"network":"twitter","url":"https:\/\/twitter.com\/padelfip"},{"network":"instagram","url":"https:\/\/www.instagram.com\/padelfip\/"}]},"_links":{"self":[{"href":"https:\/\/www.padel-test.de\/tr\/wp-json\/wp\/v2\/padel_association\/16526","targetHints":{"allow":["GET"]}}],"collection":[{"href":"https:\/\/www.padel-test.de\/tr\/wp-json\/wp\/v2\/padel_association"}],"about":[{"href":"https:\/\/www.padel-test.de\/tr\/wp-json\/wp\/v2\/types\/padel_association"}],"author":[{"embeddable":true,"href":"https:\/\/www.padel-test.de\/tr\/wp-json\/wp\/v2\/users\/1"}],"version-history":[{"count":0,"href":"https:\/\/www.padel-test.de\/tr\/wp-json\/wp\/v2\/padel_association\/16526\/revisions"}],"acf:post":[{"embeddable":true,"href":"https:\/\/www.padel-test.de\/tr\/wp-json\/wp\/v2\/posts\/17465"},{"embeddable":true,"href":"https:\/\/www.padel-test.de\/tr\/wp-json\/wp\/v2\/posts\/17598"},{"embeddable":true,"href":"https:\/\/www.padel-test.de\/tr\/wp-json\/wp\/v2\/posts\/17595"},{"embeddable":true,"href":"https:\/\/www.padel-test.de\/tr\/wp-json\/wp\/v2\/posts\/17618"}],"wp:featuredmedia":[{"embeddable":true,"href":"https:\/\/www.padel-test.de\/tr\/wp-json\/wp\/v2\/media\/14369"}],"wp:attachment":[{"href":"https:\/\/www.padel-test.de\/tr\/wp-json\/wp\/v2\/media?parent=16526"}],"curies":[{"name":"wp","href":"https:\/\/api.w.org\/{rel}","templated":true}]}}