{"id":16536,"date":"2017-10-23T16:16:38","date_gmt":"2017-10-23T16:16:38","guid":{"rendered":"http:\/\/www.padel-test.de\/padel-verbaende\/padel-verband-schweiz\/"},"modified":"2017-10-23T16:16:38","modified_gmt":"2017-10-23T16:16:38","slug":"padel-dernegi%cc%87-i%cc%87svi%cc%87cre","status":"publish","type":"padel_association","link":"https:\/\/www.padel-test.de\/tr\/padel-verbaende\/padel-dernegi%cc%87-i%cc%87svi%cc%87cre\/","title":{"rendered":"Padel Derne\u011fi \u0130svi\u00e7re"},"content":{"rendered":"<p>Konfederasyonlar kendi <strong>\u0130svi\u00e7re Padel Federasyonu (SPV)<\/strong> 2007 y\u0131l\u0131nda kurulmu\u015ftur ve <a href=\"\/tr\/padel-verbaende\/padel-duenya-federasyonu\/\">Uluslararas\u0131 Padel Federasyonu (FIP<\/a>) ve \u0130svi\u00e7re'nin resmi temsilcisi olarak tan\u0131nm\u0131\u015ft\u0131r. SPV, Z\u00fcrih'ten \u0130svi\u00e7re genelindeki \u00fcyelerinin \u00e7\u0131karlar\u0131n\u0131 koordine eder ve \u015fu anda (A\u011fustos 2017 itibariyle) \u0130svi\u00e7re'deki bu padel lokasyonlar\u0131n\u0131 temsil etmektedir:<\/p>\n<ul>\n<li><span style=\"line-height: 1.6em;\"><a href=\"\/tr\/padel-tc-unterengstringen\/\">Padel Unterengstrigen<\/a><\/span><\/li>\n<li><span style=\"line-height: 1.6em;\"><a href=\"\/tr\/padel-horgen-zuerich\/\">Padel Z\u00fcrih Horgen<\/a><\/span><\/li>\n<li><span style=\"line-height: 1.6em;\"><a href=\"\/tr\/padel-murten\/\">Padel Bern Murten<\/a><\/span><\/li>\n<li><a href=\"\/tr\/padel-basel-frenkendorf\/\"><span style=\"line-height: 1.6em;\">Padel Basel Frenkendorf<\/span><\/a><\/li>\n<li><span style=\"line-height: 1.6em;\"><a href=\"\/tr\/padel-villars\/\">Padel Vilars<\/a><\/span><\/li>\n<li><span style=\"line-height: 1.6em;\"><a href=\"\/tr\/padel-brugg\/\">Padel Brugg<\/a><\/span><\/li>\n<li><span style=\"line-height: 1.6em;\"><a href=\"\/tr\/padel-zuerich-sonnenberg\/\">Padel Z\u00fcrih Sonnenberg<\/a><\/span><\/li>\n<li><span style=\"line-height: 1.6em;\"><a href=\"\/tr\/padel-zueri%cc%87ch-unterland\/\">Padel Z\u00fcrih Unterland<\/a><\/span><\/li>\n<li><span style=\"line-height: 1.6em;\"><a href=\"\/tr\/padel-genf-vernier\/\">Padel Cenevre Vernier<\/a><\/span><\/li>\n<\/ul>\n<p><span style=\"line-height: 1.6em;\">Ayr\u0131ca \u0130svi\u00e7re konumundaki en \u00f6nemli k\u00fcrek turnuvalar\u0131n\u0131 (\u00f6rne\u011fin FIP, WPT, vb.) genel bak\u0131\u015f sayfam\u0131zda bulabilirsiniz. <a href=\"\/tr\/padel-turnuvalari-2\/\">Padel turnuvalar\u0131<\/a>.\u00a0<strong>T\u00fcm \u0130svi\u00e7re Padel Turnuvalar\u0131<\/strong> bulaca\u011f\u0131n\u0131z <a href=\"https:\/\/swisspadel.ch\/turniere\/\" target=\"_blank\" rel=\"nofollow noopener noreferrer\">\u0130svi\u00e7re Padel Birli\u011fi<\/a>.<\/span><\/p>\n<p><u><strong>SPA'n\u0131n misyon beyan\u0131:<\/strong><\/u><\/p>\n<ul>\n<li>Padel sporu i\u00e7in 1. Ulusal y\u00f6netim organ\u0131<\/li>\n<li>2. \u0130svi\u00e7re'de k\u00fcrek sporlar\u0131n\u0131n te\u015fvik edilmesi<\/li>\n<li>3. padel'i pop\u00fcler bir spor olarak kurmak<\/li>\n<li>4. Gen\u00e7 yeteneklerin s\u00fcrd\u00fcr\u00fclebilir \u015fekilde te\u015fvik edilmesi<\/li>\n<li>5 Mesleki e\u011fitim ve ileri e\u011fitimin te\u015fvik edilmesi<\/li>\n<li>6. \u00dcst d\u00fczey oyuncular\u0131n ve milli tak\u0131mlar\u0131n terfi ettirilmesi<\/li>\n<\/ul>\n<p><u><strong>Ba\u015far\u0131lar<\/strong><\/u><\/p>\n<ul>\n<li><span style=\"line-height: 1.6em;\">2010 - Meksika'da 8. Padel D\u00fcnya \u015eampiyonas\u0131 (kad\u0131n ve erkek tak\u0131m\u0131)<\/span><\/li>\n<li><span style=\"line-height: 1.6em;\">2008 - Kat\u0131l\u0131m\u00a0<\/span><span style=\"line-height: 1.6em;\">Kanada'da Padel D\u00fcnya \u015eampiyonas\u0131 (erkekler tak\u0131m\u0131), <\/span><span style=\"line-height: 1.6em;\">Portekiz'de 4.'l\u00fck Avrupa \u015eampiyonas\u0131 (kad\u0131n ve erkek tak\u0131mlar\u0131)<\/span><\/li>\n<\/ul>","protected":false},"excerpt":{"rendered":"<p>\u0130svi\u00e7re Padel Birli\u011fi: \u0130svi\u00e7reliler 2007 y\u0131l\u0131nda \u0130svi\u00e7re Padel Birli\u011fi'ni (SPV) kurdular ve Uluslararas\u0131 Padel Federasyonu'nun (FIP) bir \u00fcyesi ve \u0130svi\u00e7re'nin resmi temsilcisi olarak tan\u0131n\u0131yorlar. SPV, Z\u00fcrih'ten \u0130svi\u00e7re genelindeki \u00fcyelerinin \u00e7\u0131karlar\u0131n\u0131 koordine etmekte ve \u015fu anda ...<\/p>","protected":false},"author":1,"template":"","class_list":["post-16536","padel_association","type-padel_association","status-publish","hentry"],"acf":{"company_name":"Padel Verband Schweiz","company_logo":16538,"company_icon":16540,"logo_link_type":"nofollow","gallery":[],"company_news":null,"location":{"address":"Wolframplatz 21, Z\u00fcrich, Schweiz","lat":47.3621299,"lng":8.52155300000004,"zoom":14,"street_number":"","street_name":"","street_short_name":"","city":"","state":"","state_short":"","post_code":"","country":"","country_short":"","place_id":""},"address":"Wolframplatz 21","postal_code":"8045","city":"Z\u00fcrich","country":"Schweiz","website":"http:\/\/swisspadel.ch\/","contact_person":"","phone":"","email":"claudia@swisspadel.ch","social_media_vorlage":"","social_media":null},"_links":{"self":[{"href":"https:\/\/www.padel-test.de\/tr\/wp-json\/wp\/v2\/padel_association\/16536","targetHints":{"allow":["GET"]}}],"collection":[{"href":"https:\/\/www.padel-test.de\/tr\/wp-json\/wp\/v2\/padel_association"}],"about":[{"href":"https:\/\/www.padel-test.de\/tr\/wp-json\/wp\/v2\/types\/padel_association"}],"author":[{"embeddable":true,"href":"https:\/\/www.padel-test.de\/tr\/wp-json\/wp\/v2\/users\/1"}],"version-history":[{"count":0,"href":"https:\/\/www.padel-test.de\/tr\/wp-json\/wp\/v2\/padel_association\/16536\/revisions"}],"wp:attachment":[{"href":"https:\/\/www.padel-test.de\/tr\/wp-json\/wp\/v2\/media?parent=16536"}],"curies":[{"name":"wp","href":"https:\/\/api.w.org\/{rel}","templated":true}]}}