{"id":16551,"date":"2017-10-23T16:16:39","date_gmt":"2017-10-23T16:16:39","guid":{"rendered":"http:\/\/www.padel-test.de\/padel-verbaende\/padel-verband-oesterreich\/"},"modified":"2017-10-23T16:16:39","modified_gmt":"2017-10-23T16:16:39","slug":"padel-dernegi%cc%87-avusturya","status":"publish","type":"padel_association","link":"https:\/\/www.padel-test.de\/tr\/padel-verbaende\/padel-dernegi%cc%87-avusturya\/","title":{"rendered":"Avusturya Padel Derne\u011fi"},"content":{"rendered":"<p>Bu <strong>Avusturya Padel Sporlar\u0131 Birli\u011fi (\u00d6PV) <\/strong>1995 y\u0131l\u0131nda kurulmu\u015ftur ve 1996 y\u0131l\u0131ndan bu yana <a href=\"\/tr\/padel-duenya-federasyonu\/\">FIP-Federaci\u00f3n International de Padel<\/a>.<\/p>\n<p>Padel Derne\u011fi, 2009 y\u0131l\u0131ndan bu yana Graz \u015fehrinin yaz sporlar\u0131 program\u0131nda bir padel sahas\u0131 ile temsil edilmektedir ve burada gen\u00e7 yetenekleri te\u015fvik etmek i\u00e7in \u00e7ok \u015fey yap\u0131lmaktad\u0131r. Temmuz 2014'te Viyana'daki Padel Spor Birli\u011fi'nin 3 padel kortu a\u00e7\u0131ld\u0131 ve ilk kez dernek taraf\u0131ndan d\u00fczenlenen se\u00e7me turnuvalar\u0131 i\u00e7in bir mekan olarak kullan\u0131ld\u0131.<\/p>\n<p>\u00d6PV, kad\u0131nlar ve erkekler i\u00e7in Avusturya Padel S\u0131ralamas\u0131na liderlik eder ve kendi \u00fclkesindeki padel geli\u015fiminin t\u00fcm seviyelerinde yer al\u0131r.<\/p>\n<p>&nbsp;<\/p>\n<p><strong>G\u00fcncel <a href=\"\/tr\/avusturya-kuerek-mahkemeleri%cc%87\/\">Padel kortlar\u0131 Avusturya<\/a>:<\/strong><br \/>\n<a href=\"\/tr\/padel-biberbach\/\">Padel Biberbach<\/a><br \/>\n<a href=\"\/tr\/padel-tc-hard-bregenz\/\">Padel Bregenz - Zor<\/a><br \/>\n<a href=\"\/tr\/padel-graz\/\">Padel Graz<\/a><br \/>\n<a href=\"\/tr\/padel-wien-bisamberg\/\">Padel Viyana - Bisamberg<\/a><br \/>\n<a href=\"\/tr\/padel-sportunion-wien\/\">Padel Viyana - Prater<\/a><br \/>\n<a href=\"\/tr\/padel-stockerau\/\">Padel Viyana - Stockerau<\/a><br \/>\n<a href=\"\/tr\/padel-wien-wienerberg\/\">Padel Viyana - Wienerberg<\/a><\/p>","protected":false},"excerpt":{"rendered":"<p>Avusturya Padel Derne\u011fi: Avusturya Padel Sporlar\u0131 Derne\u011fi (\u00d6PV) 1995 y\u0131l\u0131nda kurulmu\u015ftur ve 1996 y\u0131l\u0131ndan beri FIP-Federaci\u00f3n International de Padel \u00fcyesidir. Padel Derne\u011fi, 2009 y\u0131l\u0131ndan bu yana Graz \u015fehrinin yaz sporlar\u0131 program\u0131nda bir padel sahas\u0131 ile temsil ediliyor ve gen\u00e7 yetenekleri te\u015fvik etmek i\u00e7in burada \u00e7ok \u015fey yap\u0131l\u0131yor...<\/p>","protected":false},"author":1,"template":"","class_list":["post-16551","padel_association","type-padel_association","status-publish","hentry"],"acf":{"company_name":"Padel Verband \u00d6sterreich","company_logo":16553,"company_icon":16555,"logo_link_type":"nofollow","gallery":[],"company_news":null,"location":{"address":"Kalvarieng\u00fcrtel 32, Graz, \u00d6sterreich","lat":47.0856578,"lng":15.419600100000025,"zoom":14,"street_number":"","street_name":"","street_short_name":"","city":"","state":"","state_short":"","post_code":"","country":"","country_short":"","place_id":""},"address":"Kalvarieng\u00fcrtel 32","postal_code":"8020","city":"Graz","country":"\u00d6sterreich","website":"http:\/\/www.padel.at","contact_person":"","phone":"+43 699 81458282","email":"","social_media_vorlage":"","social_media":null},"_links":{"self":[{"href":"https:\/\/www.padel-test.de\/tr\/wp-json\/wp\/v2\/padel_association\/16551","targetHints":{"allow":["GET"]}}],"collection":[{"href":"https:\/\/www.padel-test.de\/tr\/wp-json\/wp\/v2\/padel_association"}],"about":[{"href":"https:\/\/www.padel-test.de\/tr\/wp-json\/wp\/v2\/types\/padel_association"}],"author":[{"embeddable":true,"href":"https:\/\/www.padel-test.de\/tr\/wp-json\/wp\/v2\/users\/1"}],"version-history":[{"count":0,"href":"https:\/\/www.padel-test.de\/tr\/wp-json\/wp\/v2\/padel_association\/16551\/revisions"}],"wp:attachment":[{"href":"https:\/\/www.padel-test.de\/tr\/wp-json\/wp\/v2\/media?parent=16551"}],"curies":[{"name":"wp","href":"https:\/\/api.w.org\/{rel}","templated":true}]}}