{"id":16571,"date":"2017-10-23T16:16:40","date_gmt":"2017-10-23T16:16:40","guid":{"rendered":"http:\/\/www.padel-test.de\/padel-verbaende\/padel-verband-frankreich\/"},"modified":"2022-10-17T20:17:17","modified_gmt":"2022-10-17T20:17:17","slug":"padel-federasyonu-fransa","status":"publish","type":"padel_association","link":"https:\/\/www.padel-test.de\/tr\/padel-verbaende\/padel-federasyonu-fransa\/","title":{"rendered":"Fransa Padel Federasyonu"},"content":{"rendered":"<p>Padel, 2014 y\u0131l\u0131ndan bu yana Fransa Tenis Federasyonu taraf\u0131ndan d\u00fczenlenmektedir. Daha \u00f6nce bu organizasyon 2013 y\u0131l\u0131nda kurulan \"Ligue National de Padel\" taraf\u0131ndan d\u00fczenleniyordu.<\/p>\n<p>Frans\u0131z tenis federasyonu, bir\u00e7ok ortakl\u0131\u011fa sahip geni\u015f bir a\u011fa g\u00fcvenebilir (\u00f6rne\u011fin, eski tenis profesyoneli ve mevcut padel oyuncusu ve padel kortu kurucusu <a href=\"\/tr\/padel-kursu-olusturucu-2\/henri-leconte-padel\/\">Henri Leconte Padel<\/a> veya Gael Monfils) ve onun b\u00fcy\u00fck ge\u00e7mi\u015fi.<\/p>\n<p>Derne\u011fin uzun vadeli hedefi, sporu uzun vadede yerle\u015ftirmek i\u00e7in gen\u00e7 nesli padel i\u00e7in kazanabilmektir. Bir \u00fcyesi olarak <a href=\"\/tr\/padel-duenya-federasyonu\/\">D\u00fcnya Padel Federasyonu F.I.P.<\/a> Bunun i\u00e7in ilgili t\u00fcm alanlarda uygun yap\u0131lar olu\u015fturulabilir.<\/p>\n<p>\u015eu anda Fransa'da yakla\u015f\u0131k 1.000 padel kortu ve 100.000'den fazla padel oyuncusu var.<\/p>\n<p>Bu, kom\u015fusu \u0130spanya'ya k\u0131yasla \u00e7ok fazla de\u011fil - ancak Frans\u0131z padel sporu 7 millik botlar\u0131 yakal\u0131yor. Buna g\u00f6re, padel d\u00fcnya s\u0131ralamas\u0131nda giderek daha fazla Frans\u0131z padel profesyoneli bulunabilir.<\/p>\n<p>Fransa Tenis Federasyonu hakk\u0131nda arka plan bilgileri:<\/p>\n<p>Frans\u0131z Padel Federasyonu 1989 y\u0131l\u0131nda kurulmu\u015f ve sadece \u00fc\u00e7 y\u0131l sonra, 1992 y\u0131l\u0131nda Spor Bakanl\u0131\u011f\u0131 taraf\u0131ndan resmen tan\u0131nm\u0131\u015ft\u0131r. 2014 y\u0131l\u0131ndan bu yana padel, Fransa Tenis Federasyonu taraf\u0131ndan y\u00f6netilmektedir.<\/p>\n<ul>\n<li>Ba\u015fkan: Gilles Moretton<\/li>\n<li>Genel M\u00fcd\u00fcr: Am\u00e9lie Oud\u00e9a-Cast\u00e9ra<\/li>\n<li>Padel Ba\u015f Sorumlusu: Arnaud Di Pasquale<\/li>\n<\/ul>\n<p>&nbsp;<\/p>\n<p><strong>Fransa Padel Derne\u011fi'nin uygulamadaki faaliyet alanlar\u0131:<\/strong><\/p>\n<ul>\n<li>Yeni padel lokasyonlar\u0131n\u0131n kurulmas\u0131 ve geli\u015ftirilmesi i\u00e7in destek<\/li>\n<li><span style=\"line-height: 1.6em;\">Fransa'da padel yar\u0131\u015fmalar\u0131n\u0131n standardizasyonu<\/span><\/li>\n<li><span style=\"line-height: 1.6em;\">Padel antren\u00f6r e\u011fitimi d\u00fczenlemek<\/span><\/li>\n<li><span style=\"line-height: 1.6em;\">Uluslararas\u0131 yar\u0131\u015fmalar i\u00e7in milli tak\u0131mlar\u0131n olu\u015fturulmas\u0131<\/span><\/li>\n<li><span style=\"line-height: 1.6em;\">Padel kortlar\u0131n\u0131n tedariki ve uygulanmas\u0131na ili\u015fkin teknik dan\u0131\u015fmanl\u0131k<\/span><\/li>\n<li><span style=\"line-height: 1.6em;\">D\u00fcnya \u00e7ap\u0131ndaki ortak kurumlarla koordinasyon<\/span><\/li>\n<li><span style=\"line-height: 1.6em;\">Fransa'da padel sporunu etkinle\u015ftirmek ve duyurmak i\u00e7in \u00f6nlemler<br \/>\n<\/span><\/li>\n<\/ul>","protected":false},"excerpt":{"rendered":"<p>Padel, 2014 y\u0131l\u0131ndan bu yana Fransa Tenis Federasyonu taraf\u0131ndan d\u00fczenlenmektedir. Daha \u00f6nce bu, 2013 y\u0131l\u0131nda kurulan padel derne\u011fi \"Ligue National de Padel\" taraf\u0131ndan d\u00fczenleniyordu. Frans\u0131z Tenis Federasyonu, bir\u00e7ok ortakl\u0131\u011f\u0131 olan geni\u015f bir a\u011fa (\u00f6rne\u011fin, eski tenis profesyoneli ve mevcut padel oyuncusu ve padel kortu kurucusu Henri Leconte Padel veya Gael Monfils) ve b\u00fcy\u00fck ge\u00e7mi\u015fine g\u00fcvenebilir. Derne\u011fin uzun vadeli hedefi...<\/p>","protected":false},"author":1,"template":"","class_list":["post-16571","padel_association","type-padel_association","status-publish","hentry"],"acf":{"company_name":"Padel Verband Frankreich","company_logo":18811,"company_icon":18812,"logo_link_type":"nofollow","gallery":"","company_news":"","location":{"address":"Tennisstadion Roland Garros, 2 Avenue Gordon Bennett, 75016 Paris, France","lat":48.8459844,"lng":2.2535585,"zoom":12,"place_id":"ChIJdZmZnMV65kcRiWnGQGtgQJ0","name":"Stade Roland Garros","street_number":2,"street_name":"Avenue Gordon Bennett","street_name_short":"Av. Gordon Bennett","city":"Paris","state":"\u00cele-de-France","state_short":"IDF","post_code":75016,"country":"France","country_short":"FR"},"address":"Stadion Roland Garros, 2 Avenue Gordon-Bennett ","postal_code":"75016","city":"Paris","country":"FR","website":"https:\/\/www.fft.fr","contact_person":"","phone":"+33 (0) 147434800","email":"accueil@fft.fr","social_media_vorlage":"","social_media":[{"network":"facebook","url":"https:\/\/www.facebook.com\/FFTennis\/"},{"network":"twitter","url":"https:\/\/www.twitter.com\/fftennis"},{"network":"youtube","url":"https:\/\/www.youtube.com\/channel\/UC39Hz9mYEphqpVvaoJjX8AQ"},{"network":"instagram","url":"https:\/\/www.instagram.com\/fftennis\/?hl=fr"}]},"_links":{"self":[{"href":"https:\/\/www.padel-test.de\/tr\/wp-json\/wp\/v2\/padel_association\/16571","targetHints":{"allow":["GET"]}}],"collection":[{"href":"https:\/\/www.padel-test.de\/tr\/wp-json\/wp\/v2\/padel_association"}],"about":[{"href":"https:\/\/www.padel-test.de\/tr\/wp-json\/wp\/v2\/types\/padel_association"}],"author":[{"embeddable":true,"href":"https:\/\/www.padel-test.de\/tr\/wp-json\/wp\/v2\/users\/1"}],"version-history":[{"count":0,"href":"https:\/\/www.padel-test.de\/tr\/wp-json\/wp\/v2\/padel_association\/16571\/revisions"}],"wp:attachment":[{"href":"https:\/\/www.padel-test.de\/tr\/wp-json\/wp\/v2\/media?parent=16571"}],"curies":[{"name":"wp","href":"https:\/\/api.w.org\/{rel}","templated":true}]}}