{"id":16592,"date":"2017-10-23T16:16:49","date_gmt":"2017-10-23T16:16:49","guid":{"rendered":"http:\/\/www.padel-test.de\/padel-verbaende\/padel-verband-belgien\/"},"modified":"2017-10-23T16:16:49","modified_gmt":"2017-10-23T16:16:49","slug":"padel-dernegi%cc%87-belci%cc%87ka","status":"publish","type":"padel_association","link":"https:\/\/www.padel-test.de\/tr\/padel-verbaende\/padel-dernegi%cc%87-belci%cc%87ka\/","title":{"rendered":"Bel\u00e7ika Padel Federasyonu"},"content":{"rendered":"<p><span style=\"line-height: 1.6em;\">Bel\u00e7ika Padel Federasyonu <strong>\"Padel Bel\u00e7ika\"<\/strong> 1992'den beri varl\u0131\u011f\u0131n\u0131 s\u00fcrd\u00fcrmektedir ve genellikle kendi \u00fclkesinde padel'i tan\u0131tmay\u0131 ve ilerletmeyi ama\u00e7lamaktad\u0131r. Bunu yaparken, dernek esas olarak Bel\u00e7ika'y\u0131 temsil etmeye odaklanmaktad\u0131r\u00a0<\/span><span style=\"line-height: 1.6em;\">D\u00fcnya Padel Federasyonu FIP'in yan\u0131 s\u0131ra di\u011fer ulusal federasyonlarda ve kendi \u00fclkelerindeki padel yerlerinin tan\u0131t\u0131m\u0131nda. <\/span><\/p>\n<p><span style=\"line-height: 1.6em;\">Ayr\u0131ca Bel\u00e7ika Padel Federasyonu, medya ortaklar\u0131, sponsorlar ve \u00e7o\u011falt\u0131c\u0131lar\u0131n da deste\u011fiyle, \u0130spanya'n\u0131n bu pop\u00fcler sporunu Bel\u00e7ika'da m\u00fcmk\u00fcn oldu\u011funca \u00e7ok insana yak\u0131nla\u015ft\u0131rmak ve onlar\u0131 bu spor hakk\u0131nda bilgilendirmek i\u00e7in elinden geleni yap\u0131yor. <\/span><\/p>\n<p><span style=\"line-height: 1.6em;\">Ayr\u0131ca Bel\u00e7ika, Gent'teki padel sahas\u0131 ile 2014 y\u0131l\u0131nda ilk kez Mallorca'daki D\u00fcnya Padel \u015eampiyonas\u0131 elemelerine ev sahipli\u011fi yapm\u0131\u015ft\u0131r.<\/span><\/p>\n<p><span style=\"line-height: 1.6em;\">Padel Bel\u00e7ika ekibi Ba\u015fkan Philippe Werts, Ba\u015fkan Yard\u0131mc\u0131s\u0131 ve \u0130leti\u015fim Sorumlusu Alexandre Pavy ve Padel'in geli\u015fiminden operasyonel olarak sorumlu olan Brian Grillmaier'den olu\u015fmaktad\u0131r.<br \/>\n<\/span><\/p>\n<p><span style=\"line-height: 1.6em;\">Ekip ayr\u0131ca, \u00f6zellikle Flanders'daki padel geli\u015fimiyle ilgilenen Jan Bonnarens'i de i\u00e7eriyor.<\/span><\/p>","protected":false},"excerpt":{"rendered":"<p>Padel Derne\u011fi Bel\u00e7ika: Bel\u00e7ika padel derne\u011fi \"Padel Belgium\" 1992'den beri varl\u0131\u011f\u0131n\u0131 s\u00fcrd\u00fcrmektedir ve genellikle kendi \u00fclkesinde padel'i te\u015fvik etmeyi ve ilerletmeyi ama\u00e7lamaktad\u0131r. Dernek esas olarak Bel\u00e7ika'y\u0131 D\u00fcnya Padel Federasyonu FIP'de ve di\u011fer ulusal derneklerde temsil etmeye odaklanmaktad\u0131r ...<\/p>","protected":false},"author":1,"template":"","class_list":["post-16592","padel_association","type-padel_association","status-publish","hentry"],"acf":{"company_name":"Padel Verband Belgien","company_logo":16594,"company_icon":16596,"logo_link_type":"nofollow","gallery":[],"company_news":[17487],"location":{"address":"Brussel, Belgium","lat":50.8503396,"lng":4.351710300000036,"zoom":14,"street_number":"","street_name":"","street_short_name":"","city":"","state":"","state_short":"","post_code":"","country":"","country_short":"","place_id":""},"address":"","postal_code":"","city":"Br\u00fcssel","country":"Belgien","website":"http:\/\/www.padelbelgium.com\/","contact_person":"","phone":"","email":"alex.pavy@padelbelgium.com","social_media_vorlage":"","social_media":[{"network":"facebook","url":"https:\/\/www.facebook.com\/PadelBelgium"},{"network":"twitter","url":"https:\/\/twitter.com\/PadelBelgium"},{"network":"youtube","url":"https:\/\/www.youtube.com\/channel\/UCbFMq_PpJud4kH992GAsHQA"}]},"_links":{"self":[{"href":"https:\/\/www.padel-test.de\/tr\/wp-json\/wp\/v2\/padel_association\/16592","targetHints":{"allow":["GET"]}}],"collection":[{"href":"https:\/\/www.padel-test.de\/tr\/wp-json\/wp\/v2\/padel_association"}],"about":[{"href":"https:\/\/www.padel-test.de\/tr\/wp-json\/wp\/v2\/types\/padel_association"}],"author":[{"embeddable":true,"href":"https:\/\/www.padel-test.de\/tr\/wp-json\/wp\/v2\/users\/1"}],"version-history":[{"count":0,"href":"https:\/\/www.padel-test.de\/tr\/wp-json\/wp\/v2\/padel_association\/16592\/revisions"}],"acf:post":[{"embeddable":true,"href":"https:\/\/www.padel-test.de\/tr\/wp-json\/wp\/v2\/posts\/17487"}],"wp:attachment":[{"href":"https:\/\/www.padel-test.de\/tr\/wp-json\/wp\/v2\/media?parent=16592"}],"curies":[{"name":"wp","href":"https:\/\/api.w.org\/{rel}","templated":true}]}}