{"id":17350,"date":"2017-10-23T16:16:56","date_gmt":"2017-10-23T16:16:56","guid":{"rendered":"http:\/\/www.padel-test.de\/padel-nachrichten\/padel-platzbauer\/padel-international\/"},"modified":"2017-10-23T16:16:56","modified_gmt":"2017-10-23T16:16:56","slug":"padel-uluslararasi","status":"publish","type":"padel_builder","link":"https:\/\/www.padel-test.de\/tr\/padel-kursu-olusturucu-2\/padel-uluslararasi\/","title":{"rendered":"Padel Uluslararas\u0131"},"content":{"rendered":"<p>Sa\u011flay\u0131c\u0131 <strong>Padel Uluslararas\u0131<\/strong> sporun anavatan\u0131 \u0130spanya'da, Avrupa \u00e7ap\u0131nda sporu te\u015fvik etmek ve spor kul\u00fcplerine ve derneklerine \u00f6ncelik vermek misyonuyla, padel kortlar\u0131n\u0131 <a href=\"\/tr\/padel-duenya-federasyonu\/\">Uluslararas\u0131 Padel Federasyonu<\/a>projeyi desteklemek i\u00e7in. Padel International, bireysel isteklere g\u00f6re genel proje y\u00f6netimini \u00fcstlenir.<\/p>\n<p>Bir veya birden fazla saha i\u00e7in, i\u00e7 veya d\u0131\u015f mekanlarda veya hatta mobil \u00e7\u00f6z\u00fcmler i\u00e7in fark etmez. Padel International ile \u00e7al\u0131\u015fmak, in\u015faat\u00e7\u0131lara her zaman kendi ana dillerinde ileti\u015fim kurma f\u0131rsat\u0131 verir ve bunu bir \u00f6n inceleme s\u0131ras\u0131nda herkes kendi g\u00f6zleriyle g\u00f6rebilir.<\/p>\n<p>Buna ek olarak, Padel International, Avrupa'daki t\u00fcm h\u0131rsl\u0131 oyunculara evlerinden \u00e7ok uzaktaki padel kortlar\u0131n\u0131 ve oyuncular\u0131 tan\u0131ma f\u0131rsat\u0131 vermek i\u00e7in Avrupa \u00e7ap\u0131nda turnuva serilerinin organizat\u00f6r\u00fc olarak aktiftir.<\/p>\n<h2>Bir bak\u0131\u015fta Padel International<\/h2>\n<ul>\n<li>Padel sahas\u0131 in\u015faat\u0131<\/li>\n<li>Padel kortlar\u0131 i\u00e7in \u00e7at\u0131 \u00e7\u00f6z\u00fcmleri<\/li>\n<li>Padel sahas\u0131 kiralama<\/li>\n<li>Padel turnuvas\u0131 organizasyonu<\/li>\n<\/ul>","protected":false},"excerpt":{"rendered":"<p>Padel International, sporun anavatan\u0131 olan \u0130spanya'da, sporu Avrupa \u00e7ap\u0131nda tan\u0131tmak ve Uluslararas\u0131 Padel Federasyonu kurallar\u0131na g\u00f6re padel kortlar\u0131 in\u015fa ederek spor kul\u00fcplerini ve derneklerini desteklemek misyonuyla kurulmu\u015ftur. Padel International, T\u00fcrkiye'de...<\/p>","protected":false},"author":1,"template":"","class_list":["post-17350","padel_builder","type-padel_builder","status-publish","hentry"],"acf":{"company_name":"Padel International","company_logo":17352,"company_icon":17354,"logo_link_type":"nofollow","gallery":[1118],"company_news":null,"location":{"address":"Carrer d\u2019Oriol Martorell i Codina, 121, Girona, Spanien","lat":41.9746575,"lng":2.8163538999999673,"zoom":14,"street_number":"","street_name":"","street_short_name":"","city":"","state":"","state_short":"","post_code":"","country":"","country_short":"","place_id":""},"address":"Oriol martorell 121","postal_code":"7003","city":"Girona","country":"ES","website":"https:\/\/www.padelinternational.com\/","contact_person":"","phone":"+34 629343712","email":"info@padelinternational.com","social_media_vorlage":"","social_media":null},"_links":{"self":[{"href":"https:\/\/www.padel-test.de\/tr\/wp-json\/wp\/v2\/padel_builder\/17350","targetHints":{"allow":["GET"]}}],"collection":[{"href":"https:\/\/www.padel-test.de\/tr\/wp-json\/wp\/v2\/padel_builder"}],"about":[{"href":"https:\/\/www.padel-test.de\/tr\/wp-json\/wp\/v2\/types\/padel_builder"}],"author":[{"embeddable":true,"href":"https:\/\/www.padel-test.de\/tr\/wp-json\/wp\/v2\/users\/1"}],"version-history":[{"count":0,"href":"https:\/\/www.padel-test.de\/tr\/wp-json\/wp\/v2\/padel_builder\/17350\/revisions"}],"acf:attachment":[{"embeddable":true,"href":"https:\/\/www.padel-test.de\/tr\/wp-json\/wp\/v2\/media\/1118"}],"wp:attachment":[{"href":"https:\/\/www.padel-test.de\/tr\/wp-json\/wp\/v2\/media?parent=17350"}],"curies":[{"name":"wp","href":"https:\/\/api.w.org\/{rel}","templated":true}]}}