{"id":17133,"date":"2018-08-28T18:05:00","date_gmt":"2018-08-28T18:05:00","guid":{"rendered":"http:\/\/www.padel-test.de\/padel-nachrichten\/padel-trainer\/thomas-loenegren\/"},"modified":"2022-09-20T20:28:11","modified_gmt":"2022-09-20T20:28:11","slug":"thomas-loenegren","status":"publish","type":"padel_trainer","link":"https:\/\/www.padel-test.de\/tr\/padel-egitmeni-2\/thomas-loenegren\/","title":{"rendered":"Thomas L\u00f6negren"},"content":{"rendered":"<div id=\"attachment_5119\" style=\"width: 176px\" class=\"wp-caption alignright\"><img loading=\"lazy\" decoding=\"async\" aria-describedby=\"caption-attachment-5119\" class=\"wp-image-5119 size-full\" src=\"https:\/\/www.padel-test.de\/wp-content\/uploads\/2022\/09\/Foto.png\" alt=\"Thomas L\u00f6negren\" width=\"166\" height=\"167\" \/><p id=\"caption-attachment-5119\" class=\"wp-caption-text\">Thomas L\u00f6negren<\/p><\/div>\n<p>Thomas L\u00f6negren, 2015 y\u0131l\u0131ndan beri kendi padel tesisini (TVN PADEL Essen) i\u015fletmektedir ve \u015fu anda Alman milli padel tak\u0131m\u0131n\u0131 da e\u011fiten lisansl\u0131 bir padel ko\u00e7udur.<\/p>\n<p>Thomas, Almanya'da Padel sporuna kendini tamamen adayan ilk ki\u015filerden biriydi ve di\u011fer \u015feylerin yan\u0131 s\u0131ra ISPO 2014 ve 2015'teki Padel K\u00f6y\u00fc'n\u00fcn (D\u00fcnya Padel Turu ile birlikte PADEL PLUS) organizat\u00f6r\u00fcyd\u00fc. Almanya'n\u0131n en b\u00fcy\u00fck spor fuar\u0131 kapsam\u0131ndaki bu padel etkinliklerinde Paquito Navaro, Matthias Diaz, Sebastian Nerone, Juan Gisbert, Hernan Auguste ve Gaby Reca gibi d\u00fcnya \u00e7ap\u0131nda tan\u0131nm\u0131\u015f padel oyuncular\u0131 yer ald\u0131.<\/p>\n<p>Thomas L\u00f6negren ayr\u0131ca DPB (Alman Padel Federasyonu) ve EPF'nin (Avrupa Padel Federasyonu) y\u00f6netim kurulu \u00fcyesi ve kurucusudur.<\/p>\n<p>Bundan \u00f6nce, profesyonel teniste antren\u00f6r olarak iz b\u0131rakt\u0131 ve TC BW Dinslaken ile 2001 Alman Bundesliga \u015eampiyonu oldu - bu da onu padel oyuncular\u0131na ba\u015far\u0131l\u0131 olmalar\u0131 i\u00e7in belirleyici bir avantaj sa\u011flamak i\u00e7in \u00f6nceden belirlenmi\u015f hale getirdi.<\/p>","protected":false},"excerpt":{"rendered":"<p>Thomas L\u00f6negren, 2015 y\u0131l\u0131ndan beri kendi padel tesisini (TVN PADEL Essen) i\u015fletmektedir ve \u015fu anda Alman milli padel tak\u0131m\u0131n\u0131 da e\u011fiten lisansl\u0131 bir padel ko\u00e7udur. Thomas, Almanya'da padel sporuna kendini tamamen adayan ilk ki\u015filerden biriydi ve di\u011fer \u015feylerin yan\u0131 s\u0131ra ISPO 2014 ve 2015'teki Padel K\u00f6y\u00fc'n\u00fcn organizat\u00f6r\u00fcyd\u00fc...<\/p>","protected":false},"author":1,"template":"","class_list":["post-17133","padel_trainer","type-padel_trainer","status-publish","has-post-thumbnail","hentry"],"acf":{"company_name":"Padel-Trainer Thomas L\u00f6negren","company_logo":17136,"company_icon":17138,"logo_link_type":"nofollow","gallery":[],"company_news":null,"location":{"address":"Damaschkeweg 18, Dinslaken, Germany","lat":51.5678996,"lng":6.717877499999986,"zoom":14,"street_number":"","street_name":"","street_short_name":"","city":"","state":"","state_short":"","post_code":"","country":"","country_short":"","place_id":""},"address":"Damaschkeweg 1","postal_code":"46535","city":"Dinslaken","country":"Deutschland","website":"","contact_person":"Thomas L\u00f6negren","phone":"+49-176-20123601","email":"tl@padelplus.de","social_media_vorlage":"","social_media":null},"_links":{"self":[{"href":"https:\/\/www.padel-test.de\/tr\/wp-json\/wp\/v2\/padel_trainer\/17133","targetHints":{"allow":["GET"]}}],"collection":[{"href":"https:\/\/www.padel-test.de\/tr\/wp-json\/wp\/v2\/padel_trainer"}],"about":[{"href":"https:\/\/www.padel-test.de\/tr\/wp-json\/wp\/v2\/types\/padel_trainer"}],"author":[{"embeddable":true,"href":"https:\/\/www.padel-test.de\/tr\/wp-json\/wp\/v2\/users\/1"}],"version-history":[{"count":0,"href":"https:\/\/www.padel-test.de\/tr\/wp-json\/wp\/v2\/padel_trainer\/17133\/revisions"}],"wp:featuredmedia":[{"embeddable":true,"href":"https:\/\/www.padel-test.de\/tr\/wp-json\/wp\/v2\/media\/17140"}],"wp:attachment":[{"href":"https:\/\/www.padel-test.de\/tr\/wp-json\/wp\/v2\/media?parent=17133"}],"curies":[{"name":"wp","href":"https:\/\/api.w.org\/{rel}","templated":true}]}}