{"id":18174,"date":"2017-10-26T10:01:22","date_gmt":"2017-10-26T10:01:22","guid":{"rendered":"http:\/\/www.padel-test.de\/padel-plaetze\/padel-bremen\/"},"modified":"2022-11-01T18:35:20","modified_gmt":"2022-11-01T18:35:20","slug":"padel-bremen","status":"publish","type":"page","link":"https:\/\/www.padel-test.de\/tr\/kuerek-kortlari\/padel-bremen\/","title":{"rendered":"Padel Bremen"},"content":{"rendered":"<p>Tamam, padel hen\u00fcz Bremen \u015fehrine tam olarak ula\u015fmad\u0131, ancak Bremen-Weyhe'de \u00e7ok say\u0131da aile havas\u0131 sunan ve \u015fu anda ikinci sahay\u0131 in\u015fa ettikleri k\u00fc\u00e7\u00fck, b\u00fcy\u00fcleyici bir tesis var. Alex Schwarz ve Malte Daum, padelin bir kul\u00fcpte nas\u0131l \u00e7al\u0131\u015ft\u0131\u011f\u0131n\u0131 harika bir \u015fekilde g\u00f6steriyor!<\/p>\n<p>Yan tarafta daha b\u00fcy\u00fck bir futbol kul\u00fcb\u00fc var ve yak\u0131nda bir veya di\u011fer futbolcunun d\u00fczenli olarak Bremer'de g\u00f6r\u00fclmesi kimseyi \u015fa\u015f\u0131rtmayacakt\u0131r. <a href=\"\/tr\/padel-bremen-weyhe\/\">TC Weyhe tesisindeki padel kortlar\u0131<\/a> bulacaks\u0131n!<\/p>\n<p>Ve yak\u0131nlarda, daha do\u011frusu Hagen im Bremischen'de, Piratenburg yak\u0131nlar\u0131nda, y\u00fczme e\u011flencesi ve padel kortlar\u0131n\u0131n in\u015fa edilece\u011fi bir proje hen\u00fcz ba\u015fl\u0131yor. -&gt; <\/p>\n<p>NRW'deki Hagen ile kar\u0131\u015ft\u0131r\u0131lmamal\u0131d\u0131r - bu arada, yak\u0131nda orada ger\u00e7ekten b\u00fcy\u00fck bir padel yeri in\u015fa edilecek. <\/p>\n<p>Ayr\u0131ca bak\u0131n\u0131z <a href=\"\/tr\/kuerek-kortlari\/padel-ruhr-boelgesi%cc%87\/\">Padel Ruhr B\u00f6lgesi<\/a>.<\/p>\n\t<h3>Padel kortlar\u0131 - Harita<\/h3>\n\n<!-- iframe plugin v.6.0 wordpress.org\/plugins\/iframe\/ -->\n<iframe loading=\"lazy\" src=\"https:\/\/www.google.com\/maps\/d\/embed?mid=18OVW4FiG4noVz4vFAYmYzmjpOW8\" width=\"900\" 0=\"height=&quot;300&quot;&amp;gt;&amp;lt;\/iframe\" height=\"500\" scrolling=\"yes\" class=\"iframe-class\" frameborder=\"0\"><\/iframe>\n\n<h4>\n\t\tPadel Haberleri Bremen\n\t<\/h4>\n\t\t\t\t<a href=\"https:\/\/www.facebook.com\/sharer.php?u=https:\/\/www.padel-test.de\/?page_id=18174&#038;fl_builder&#038;title=Padel+Bremen\">\n\t\t\t\t\t\t\t\t\t\t\t\tFacebook'ta Payla\u015f\n\t\t\t\t\t\t\t\t\t<\/a>\n\t\t\t\t<a href=\"https:\/\/twitter.com\/intent\/tweet?url=https:\/\/www.padel-test.de\/?page_id=18174&#038;fl_builder&#038;text=Padel+Bremen\">\n\t\t\t\t\t\t\t\t\t\t\t\tTwitter'da Payla\u015f\n\t\t\t\t\t\t\t\t\t<\/a>\n\t\t\t\t<a href=\"https:\/\/www.linkedin.com\/shareArticle?mini=true&#038;url=https:\/\/www.padel-test.de\/?page_id=18174&#038;fl_builder&#038;title=Padel+Bremen\">\n\t\t\t\t\t\t\t\t\t\t\t\tLinkedin'de Payla\u015f\n\t\t\t\t\t\t\t\t\t<\/a>\n\t\t\t\t<a href=\"mailto:?body=https:\/\/www.padel-test.de\/?page_id=18174&#038;fl_builder\">\n\t\t\t\t\t\t\t\t\t\t\t\tE-posta ile payla\u015f\n\t\t\t\t\t\t\t\t\t<\/a>","protected":false},"excerpt":{"rendered":"<p>Tamam, padel hen\u00fcz Bremen \u015fehrine tam olarak ula\u015fmad\u0131, ancak Bremen-Weyhe'de \u00e7ok say\u0131da aile havas\u0131 sunan ve \u015fu anda ikinci sahay\u0131 in\u015fa ettikleri k\u00fc\u00e7\u00fck, b\u00fcy\u00fcleyici bir tesis var. Alex Schwarz ve Malte Daum, padel'in bir kul\u00fcpte nas\u0131l \u00e7al\u0131\u015ft\u0131\u011f\u0131n\u0131 harika bir \u015fekilde g\u00f6steriyor! Ve yan tarafta bir...<\/p>","protected":false},"author":1,"featured_media":16670,"parent":18160,"menu_order":9,"comment_status":"open","ping_status":"open","template":"","meta":{"_acf_changed":false,"_sitemap_exclude":false,"_sitemap_priority":"","_sitemap_frequency":"","_analytify_skip_tracking":false,"footnotes":""},"class_list":["post-18174","page","type-page","status-publish","has-post-thumbnail","hentry"],"acf":[],"_links":{"self":[{"href":"https:\/\/www.padel-test.de\/tr\/wp-json\/wp\/v2\/pages\/18174","targetHints":{"allow":["GET"]}}],"collection":[{"href":"https:\/\/www.padel-test.de\/tr\/wp-json\/wp\/v2\/pages"}],"about":[{"href":"https:\/\/www.padel-test.de\/tr\/wp-json\/wp\/v2\/types\/page"}],"author":[{"embeddable":true,"href":"https:\/\/www.padel-test.de\/tr\/wp-json\/wp\/v2\/users\/1"}],"replies":[{"embeddable":true,"href":"https:\/\/www.padel-test.de\/tr\/wp-json\/wp\/v2\/comments?post=18174"}],"version-history":[{"count":0,"href":"https:\/\/www.padel-test.de\/tr\/wp-json\/wp\/v2\/pages\/18174\/revisions"}],"up":[{"embeddable":true,"href":"https:\/\/www.padel-test.de\/tr\/wp-json\/wp\/v2\/pages\/18160"}],"wp:featuredmedia":[{"embeddable":true,"href":"https:\/\/www.padel-test.de\/tr\/wp-json\/wp\/v2\/media\/16670"}],"wp:attachment":[{"href":"https:\/\/www.padel-test.de\/tr\/wp-json\/wp\/v2\/media?parent=18174"}],"curies":[{"name":"wp","href":"https:\/\/api.w.org\/{rel}","templated":true}]}}