{"id":18225,"date":"2019-08-04T18:59:18","date_gmt":"2019-08-04T18:59:18","guid":{"rendered":"http:\/\/www.padel-test.de\/padel-wissen\/padel-geschichte\/"},"modified":"2025-03-03T10:15:38","modified_gmt":"2025-03-03T10:15:38","slug":"padel-tari%cc%87hi%cc%87","status":"publish","type":"page","link":"https:\/\/www.padel-test.de\/tr\/padel-bi%cc%87lgi%cc%87si%cc%87\/padel-tari%cc%87hi%cc%87\/","title":{"rendered":"Padel tarihi"},"content":{"rendered":"<p>Meksikal\u0131 Enrique Corcuera, g\u00fcn\u00fcm\u00fcz padelinin mucidi olarak kabul edilir. Yeni bir top duvar\u0131 oyunu fikri 1962'de akl\u0131na geldi.<\/p>\n<div id=\"attachment_6956\" style=\"width: 310px\" class=\"wp-caption alignright\"><img loading=\"lazy\" decoding=\"async\" aria-describedby=\"caption-attachment-6956\" class=\"wp-image-6956 size-full\" src=\"https:\/\/www.padel-test.de\/wp-content\/uploads\/2022\/09\/Padel-Pista-Acapulco.jpg\" alt=\"Acapulco&#039;daki ilk padel kortu - padel tarihinin ba\u015flad\u0131\u011f\u0131 yer buras\u0131\" width=\"300\" height=\"150\" \/><p id=\"caption-attachment-6956\" class=\"wp-caption-text\">Acapulco'daki ilk padel kortu - padel tarihinin ba\u015flad\u0131\u011f\u0131 yer buras\u0131<\/p><\/div>\n<p>Puerto Acapulco'daki (Meksika) konutunda, evinin duvar\u0131na biti\u015fik k\u00fc\u00e7\u00fck bir pelota tarlas\u0131n\u0131n \u00f6n\u00fcne yakla\u015f\u0131k \u00fc\u00e7 metre y\u00fcksekli\u011finde bir duvar in\u015fa etmi\u015f ve tarlan\u0131n iki taraf\u0131n\u0131 tel \u00f6rg\u00fcyle kapatm\u0131\u015ft\u0131r. Ayr\u0131ca ortada bir a\u011f vard\u0131 (teniste oldu\u011fu gibi). Ve padelin (veya padel tenisinin) ilk temellerini atmaya ba\u015flad\u0131lar.<\/p>\n<p>Do\u011fru <a href=\"\/tr\/padel-bi%cc%87lgi%cc%87si%cc%87\/padel-kurallari\/\">Padel kurallar\u0131<\/a> ve bug\u00fcn bildi\u011fimiz ekipmanlar elbette hen\u00fcz mevcut de\u011fildi. Hatta padel raketleri hala tahtadan yap\u0131l\u0131yordu! Her \u015fey daha emekleme a\u015famas\u0131ndayd\u0131.<\/p>\n<p>&nbsp;<\/p>\n<h2>Padel Tarihi<\/h2>\n<h3>1974 - Padel ger\u00e7ekten y\u00fckseli\u015fe ge\u00e7iyor<\/h3>\n<p>1974 y\u0131l\u0131nda, Enrique Corcuera'n\u0131n iyi bir arkada\u015f\u0131 olan \u0130spanya Prensi Alfonso zu Hohenlohe, yeni raket sporundan haberdar oldu. Hemen heveslendi ve padelin potansiyelini de g\u00f6rd\u00fc. Ancak iyile\u015ftirmelere ihtiya\u00e7 vard\u0131!<\/p>\n<p>B\u00f6ylece padel kurallar\u0131n\u0131 g\u00f6zden ge\u00e7irmeye ve sahan\u0131n boyutunu ve \u00e7evresini tan\u0131mlamaya ba\u015flad\u0131. Ancak bunu gri teoride b\u0131rakmad\u0131 - \u0130spanya'ya d\u00f6nd\u00fckten sonra oteli Marbella Club'da iki yeni padel kortu in\u015fa etti.<\/p>\n<p>Ve ak\u0131ll\u0131ca padel pazarlamaya ba\u015flad\u0131. \u00c7iftlerin bir profesyonel oyuncu ve bir \u00fcnl\u00fcden olu\u015ftu\u011fu \"Pro-Am\" ad\u0131 verilen turnuvalar d\u00fczenledi. Bu \u015fekilde padel, \u00fcnl\u00fcler ve sporcular taraf\u0131ndan h\u0131zla tan\u0131nd\u0131. Bunlar\u0131n aras\u0131nda Enrique Igl\u00e9sias, Borb\u00f3n D\u00fck\u00fc ve Guinlla von Bismark da vard\u0131. Tenis\u00e7i Manolo Santana da onlar\u0131n aras\u0131ndayd\u0131. G\u00fcney \u0130spanya'da daha fazla padel turnuvas\u0131 d\u00fczenledi. B\u00f6ylece padel, g\u00fcne\u015fli Costa del Sol'da h\u0131zla ger\u00e7ek bir trend sporuna d\u00f6n\u00fc\u015ft\u00fc.<\/p>\n<p>&nbsp;<\/p>\n<h3>1975'ten itibaren Padel \u0130spanya'dan Arjantin \u00fczerinden t\u00fcm d\u00fcnyaya yay\u0131ld\u0131<\/h3>\n<p>Sadece bir y\u0131l sonra, 1975'te Prens Alfonso zu Hohenlohe, Arjantinli arkada\u015f\u0131 Julio Menditeguy ve beraberindeki oyuncular\u0131 Arjantin Padel polo tak\u0131m\u0131yla tan\u0131\u015ft\u0131rabildi. Hemen padel vir\u00fcs\u00fcnden etkilendiler ve kar\u015f\u0131l\u0131\u011f\u0131nda Arjantin'de padel kortlar\u0131 in\u015fa ettiler. Burada Padel, \u0130spanya'dakine benzer bir h\u0131zla b\u00fcy\u00fcd\u00fc. Bug\u00fcn padel, Arjantin'de futbolun ard\u0131ndan iki numaral\u0131 ulusal spordur.<\/p>\n<p>Ancak padel, G\u00fcney ve Orta Amerika'daki di\u011fer \u00fclkelere de yay\u0131lmay\u0131 ba\u015fard\u0131.<\/p>\n<p>Avrupa'da ise \u0130spanya d\u0131\u015f\u0131nda \u015fimdilik pek bir \u015fey olmad\u0131.<\/p>\n<p>&nbsp;<\/p>\n<h3>2010'dan itibaren Padel t\u00fcm Avrupa'ya yay\u0131ld\u0131<\/h3>\n<p>2010 y\u0131l\u0131na kadar burada ve orada bir padel kortu in\u015fa edilmi\u015ftir. Ancak \u015fimdilik \u0130spanya ya da Latin Amerika'daki gibi ger\u00e7ek bir patlama ya\u015fanmad\u0131. Padel Almanya da hala derin bir uykudayd\u0131.<\/p>\n<p>Ancak 2010 y\u0131l\u0131ndan itibaren bu durum yava\u015f yava\u015f de\u011fi\u015fecekti. Avrupa'da padel kurmaya y\u00f6nelik ilk ciddi giri\u015fimler, \u00f6rne\u011fin Portekiz ve \u0130talya'da \u015fekillenmeye ba\u015flad\u0131. \u00d6zellikle \u0130talya'da, 2015'ten itibaren Roma ve \u00e7evresinde padel tesisleri ve padel kortlar\u0131nda ger\u00e7ek bir patlama oldu. Bu arada, \u015fu anda \u00f6zellikle Lombardiya'da olmak \u00fczere \u0130talya'da birbiri ard\u0131na padel kul\u00fcpleri kuruluyor. Ayr\u0131ca Fransa'da (eski tenis profesyoneli Henri Leconte'nin \u015firketiyle \u00e7ok aktif oldu\u011fu yer) <a href=\"\/tr\/henri-leconte-padel\/\">Henri Leconte Padel<\/a>), \u0130sve\u00e7 (futbolcu Zlatan Ibrahimovi\u0107 padel'e b\u00fcy\u00fck yat\u0131r\u0131m yap\u0131yor ve ger\u00e7ek padel arenalar\u0131 in\u015fa ediyor). Bel\u00e7ika ve Hollanda'da padel gittik\u00e7e g\u00fc\u00e7leniyor!<\/p>\n<p>&nbsp;<\/p>\n<h2>Almanya'da Padel Tarihi<\/h2>\n<p>Almanya'da padel tenisi 2003 y\u0131l\u0131nda ba\u015flad\u0131. Almanya'n\u0131n ilk padel kortu Halberstadt \"Zuckerfabrik\" spor merkezinde in\u015fa edildi (taraf\u0131ndan <a href=\"\/tr\/the-padelcourt-biz-courtwall\/\">Padelcourt Biz<\/a>). Bu, Almanya'daki ilk padel sahas\u0131yd\u0131. Ne yaz\u0131k ki bu padel kortu uzun y\u0131llar tek ba\u015f\u0131na kalm\u0131\u015f ve 2012 y\u0131l\u0131nda tesis i\u015fletmecisinin iflas\u0131 nedeniyle bu ilk padel kortu maalesef tekrar s\u00f6k\u00fclm\u00fc\u015ft\u00fcr.<\/p>\n<p>Tam da bu s\u0131rada Almanya'da ilk yeni padel kortlar\u0131 in\u015fa edildi. Di\u011ferlerinin yan\u0131 s\u0131ra, Berlin'de Alexander Hillbricht (<a href=\"\/tr\/padel-berlin-friedrichshain\/\">Padel Berlin<\/a>) ve Ralf Stoffers (Play the Wall), Hubert Bullach ile birlikte Frankfurt'ta (2011'de Frankfurt'un Niddapark'\u0131n\u0131n kenar\u0131nda) sadece padel kortlar\u0131 kurmakla kalmay\u0131p ayn\u0131 zamanda padel'i ilk kez daha geni\u015f bir kitleye tan\u0131tan ilk ki\u015filer aras\u0131ndayd\u0131.<\/p>\n<p>Bundan sonra i\u015fler istikrarl\u0131 bir \u015fekilde devam etti, ancak \u0130talya'da oldu\u011fu gibi b\u00fcy\u00fck patlama \u015fimdilik ger\u00e7ekle\u015fmedi.<\/p>\n<p>2018\/2019 kam dann aber noch mal deutlich Zug in die Entwicklung des Padelsports in Deutschland. Mit der Neustrukturierung des deutschen Padelverbands &#8222;<a href=\"\/tr\/alman-padel-federasyonu\/\">Alman Padel Federasyonu<\/a>&#8220; und der dazugeh\u00f6rigen <a href=\"\/tr\/alman-padel-turu\/\">Alman Padel Turu<\/a> Padel Almanya'da da giderek profesyonelle\u015fiyor.<\/p>\n<p>Bu arada, neredeyse her ay yeni bir padel yeri a\u00e7\u0131l\u0131yor, b\u00f6ylece biri neredeyse genel g\u00f6r\u00fcn\u00fcm\u00fc kaybediyor. Yani padel hikayesi Almanya'da da devam ediyor.<\/p>\n<p>Burada bir ak\u0131m\u0131m\u0131z var <a href=\"\/tr\/kuerek-kortlari\/\">Almanya'daki padel kortlar\u0131n\u0131n haritas\u0131<\/a>s\u00fcrekli g\u00fcncellenmektedir! Aktif padel tesisleri (turuncu) ve planlanan padel yerleri (mavi) g\u00f6sterilmektedir.<\/p>\n<p>&nbsp;<\/p>\n<div id=\"attachment_6962\" style=\"width: 610px\" class=\"wp-caption aligncenter\"><a href=\"\/tr\/kuerek-kortlari\/\"><img loading=\"lazy\" decoding=\"async\" aria-describedby=\"caption-attachment-6962\" class=\"wp-image-6962 size-full\" src=\"https:\/\/www.padel-test.de\/wp-content\/uploads\/2022\/09\/Padel-Pl\u00e4tze-Deutschland.jpg\" alt=\"Padel kortlar\u0131 Almanya\" width=\"600\" height=\"400\" \/><\/a><p id=\"caption-attachment-6962\" class=\"wp-caption-text\">Almanya, Avusturya &amp; \u0130svi\u00e7re Padel Mahkemeleri - Harita<\/p><\/div>\n<p>&nbsp;<\/p>\n<p style=\"text-align: center;\"><strong>Do\u011frudan <span style=\"text-decoration: underline;\">g\u00fcncel<\/span> Haritas\u0131 <a href=\"\/tr\/padel-yerleri%cc%87-almanya\/\">Padel kortlar\u0131 Almanya<\/a><\/strong><\/p>\n<p>&nbsp;<\/p>","protected":false},"excerpt":{"rendered":"<p>Padel tarihi: Meksikal\u0131 Enrique Corcuera, g\u00fcn\u00fcm\u00fcz padelinin mucidi olarak kabul edilir. Yeni bir top duvar\u0131 oyunu fikri 1962'de akl\u0131na geldi. Acapulco'daki ilk Padel kortu - Padel tarihinin ba\u015flad\u0131\u011f\u0131 yer buras\u0131d\u0131r. Puerto Acapulco'daki (Meksika) konutunda, evinin duvar\u0131na biti\u015fik k\u00fc\u00e7\u00fck bir pelota sahas\u0131n\u0131n \u00f6n\u00fcne yakla\u015f\u0131k \u00fc\u00e7 metre y\u00fcksekli\u011finde bir duvar in\u015fa etmi\u015f ve sahan\u0131n iki taraf\u0131n\u0131 tel \u00f6rg\u00fc ile kapatm\u0131\u015ft\u0131r. Ayr\u0131ca ortada bir a\u011f vard\u0131 (teniste oldu\u011fu gibi). Ve \u015fimdiden...<\/p>","protected":false},"author":1,"featured_media":18226,"parent":18170,"menu_order":6,"comment_status":"closed","ping_status":"closed","template":"","meta":{"_acf_changed":false,"_sitemap_exclude":false,"_sitemap_priority":"","_sitemap_frequency":"","_analytify_skip_tracking":false,"footnotes":""},"class_list":["post-18225","page","type-page","status-publish","has-post-thumbnail","hentry"],"acf":[],"_links":{"self":[{"href":"https:\/\/www.padel-test.de\/tr\/wp-json\/wp\/v2\/pages\/18225","targetHints":{"allow":["GET"]}}],"collection":[{"href":"https:\/\/www.padel-test.de\/tr\/wp-json\/wp\/v2\/pages"}],"about":[{"href":"https:\/\/www.padel-test.de\/tr\/wp-json\/wp\/v2\/types\/page"}],"author":[{"embeddable":true,"href":"https:\/\/www.padel-test.de\/tr\/wp-json\/wp\/v2\/users\/1"}],"replies":[{"embeddable":true,"href":"https:\/\/www.padel-test.de\/tr\/wp-json\/wp\/v2\/comments?post=18225"}],"version-history":[{"count":2,"href":"https:\/\/www.padel-test.de\/tr\/wp-json\/wp\/v2\/pages\/18225\/revisions"}],"predecessor-version":[{"id":23255,"href":"https:\/\/www.padel-test.de\/tr\/wp-json\/wp\/v2\/pages\/18225\/revisions\/23255"}],"up":[{"embeddable":true,"href":"https:\/\/www.padel-test.de\/tr\/wp-json\/wp\/v2\/pages\/18170"}],"wp:featuredmedia":[{"embeddable":true,"href":"https:\/\/www.padel-test.de\/tr\/wp-json\/wp\/v2\/media\/18226"}],"wp:attachment":[{"href":"https:\/\/www.padel-test.de\/tr\/wp-json\/wp\/v2\/media?parent=18225"}],"curies":[{"name":"wp","href":"https:\/\/api.w.org\/{rel}","templated":true}]}}